{"id":63,"date":"2016-05-18T17:58:05","date_gmt":"2016-05-18T17:58:05","guid":{"rendered":"http:\/\/anuies-tic.anuies.mx\/web\/encuentro2016\/?page_id=63"},"modified":"2016-11-04T21:32:26","modified_gmt":"2016-11-04T21:32:26","slug":"ponentes","status":"publish","type":"page","link":"https:\/\/anuies-tic.anuies.mx\/web\/encuentro2016\/ponentes\/","title":{"rendered":"Ponentes"},"content":{"rendered":"<div id=\"pl-63\"  class=\"panel-layout\" ><div id=\"pg-63-0\"  class=\"panel-grid panel-no-style\" ><div id=\"pgc-63-0-0\"  class=\"panel-grid-cell\" ><div id=\"panel-63-0-0-0\" class=\"so-panel widget widget_sow-image panel-first-child\" data-index=\"0\" ><div\n\t\t\t\n\t\t\tclass=\"so-widget-sow-image so-widget-sow-image-default-c67d20f9f743-63\"\n\t\t\t\n\t\t>\n<div class=\"sow-image-container\">\n\t\t<img \n\tsrc=\"https:\/\/anuies-tic.anuies.mx\/web\/encuentro2016\/wp-content\/uploads\/sites\/9\/2016\/05\/tonatiuh1.png\" width=\"200\" height=\"200\" srcset=\"https:\/\/anuies-tic.anuies.mx\/web\/encuentro2016\/wp-content\/uploads\/sites\/9\/2016\/05\/tonatiuh1.png 200w, https:\/\/anuies-tic.anuies.mx\/web\/encuentro2016\/wp-content\/uploads\/sites\/9\/2016\/05\/tonatiuh1-150x150.png 150w\" sizes=\"(max-width: 200px) 100vw, 200px\" alt=\"\" \t\tclass=\"so-widget-image\"\/>\n\t<\/div>\n\n<\/div><\/div><div id=\"panel-63-0-0-1\" class=\"so-panel widget widget_sow-editor\" data-index=\"1\" ><div\n\t\t\t\n\t\t\tclass=\"so-widget-sow-editor so-widget-sow-editor-base\"\n\t\t\t\n\t\t>\n<div class=\"siteorigin-widget-tinymce textwidget\">\n\t<p style=\"text-align: center;\"><strong>Mtro. Itzc\u00f3atl Tonatiuh Bravo Padilla (M\u00e9xico)<\/strong><br \/> Rector General<br \/> de la Universidad de Guadalajara<\/p>\n<p style=\"text-align: center;\">\u00a0<\/p>\n<\/div>\n<\/div><\/div><div id=\"panel-63-0-0-2\" class=\"so-panel widget widget_sow-editor panel-last-child\" data-index=\"2\" ><div\n\t\t\t\n\t\t\tclass=\"so-widget-sow-editor so-widget-sow-editor-base\"\n\t\t\t\n\t\t>\n<div class=\"siteorigin-widget-tinymce textwidget\">\n\t<p style=\"text-align: justify;\">Economista por la Universidad de Guadalajara, Maestro en Administraci\u00f3n P\u00fablica por la Universidad de Nuevo M\u00e9xico, Estados Unidos, y cuenta con el M\u00e1ster Universitario en Sociedad de la Informaci\u00f3n y el Conocimiento por la Universidad Abierta de Catalu\u00f1a, Espa\u00f1a.<\/p>\n<p style=\"text-align: justify;\">Es Profesor titular en el Centro Universitario de Ciencias Econ\u00f3mico Administrativas de la Universidad de Guadalajara y se desempe\u00f1a como docente en las Maestr\u00edas en Pol\u00edticas P\u00fablicas y Gesti\u00f3n y Pol\u00edticas de la Educaci\u00f3n Superior.<\/p>\n<p style=\"text-align: justify;\">Ha participado como autor o coautor en diversas publicaciones. Y entre sus l\u00edneas de investigaci\u00f3n se encuentra el financiamiento a la educaci\u00f3n superior en M\u00e9xico, la fiscalizaci\u00f3n y el \u00e1mbito de las pol\u00edticas p\u00fablicas.<\/p>\n<p style=\"text-align: justify;\">En la Universidad de Guadalajara se ha desempe\u00f1ado como Vicerrector Ejecutivo; as\u00ed como Coordinador Ejecutivo y Rector del Centro Universitario de Ciencias Econ\u00f3mico Administrativas. Tambi\u00e9n ocup\u00f3 los cargos de Coordinador General de Extensi\u00f3n Universitaria y Director General de Ense\u00f1anza Media Superior en la misma Casa de Estudios. Ha sido Regidor en el H. Ayuntamiento de Guadalajara (1998) y Diputado Federal en dos legislaturas; en la \u00faltima de las cuales presidi\u00f3 la Comisi\u00f3n de Educaci\u00f3n P\u00fablica y Servicios Educativos.<\/p>\n<p style=\"text-align: justify;\">Desde 2013 es Rector General de la Universidad de Guadalajara, y es responsable de la Instancia Coordinadora Nacional del Proyecto \u201cM\u00e9xico Conectado\u201d, impulsado por el Gobierno de la Rep\u00fablica y orientado a \u201cgarantizar el derecho constitucional de los mexicanos al acceso a internet\u201d a trav\u00e9s de redes de telecomunicaciones que proveen conectividad en los sitios y espacios p\u00fablicos tales como escuelas, centros de salud, bibliotecas, centros comunitarios o parques, en los tres \u00e1mbitos de gobierno: federal, estatal y municipal.<\/p>\n<\/div>\n<\/div><\/div><\/div><div id=\"pgc-63-0-1\"  class=\"panel-grid-cell\" ><div id=\"panel-63-0-1-0\" class=\"so-panel widget widget_sow-image panel-first-child\" data-index=\"3\" ><div\n\t\t\t\n\t\t\tclass=\"so-widget-sow-image so-widget-sow-image-default-c67d20f9f743-63\"\n\t\t\t\n\t\t>\n<div class=\"sow-image-container\">\n\t\t<img \n\tsrc=\"https:\/\/anuies-tic.anuies.mx\/web\/encuentro2016\/wp-content\/uploads\/sites\/9\/2016\/05\/jim\u00e9nez.png\" width=\"200\" height=\"200\" srcset=\"https:\/\/anuies-tic.anuies.mx\/web\/encuentro2016\/wp-content\/uploads\/sites\/9\/2016\/05\/jim\u00e9nez.png 200w, https:\/\/anuies-tic.anuies.mx\/web\/encuentro2016\/wp-content\/uploads\/sites\/9\/2016\/05\/jim\u00e9nez-150x150.png 150w\" sizes=\"(max-width: 200px) 100vw, 200px\" alt=\"\" \t\tclass=\"so-widget-image\"\/>\n\t<\/div>\n\n<\/div><\/div><div id=\"panel-63-0-1-1\" class=\"so-panel widget widget_sow-editor\" data-index=\"4\" ><div\n\t\t\t\n\t\t\tclass=\"so-widget-sow-editor so-widget-sow-editor-base\"\n\t\t\t\n\t\t>\n<div class=\"siteorigin-widget-tinymce textwidget\">\n\t<p style=\"text-align: center;\"><strong>D. Tom\u00e1s Jim\u00e9nez Garc\u00eda (Espa\u00f1a)<\/strong><br \/>Gerente TIC<br \/>de la Universidad de Murcia, Espa\u00f1a<br \/>Secretario Ejecutivo de la Sectorial TIC<br \/>de la CRUE, Universidades Espa\u00f1olas<\/p>\n<\/div>\n<\/div><\/div><div id=\"panel-63-0-1-2\" class=\"so-panel widget widget_sow-editor panel-last-child\" data-index=\"5\" ><div\n\t\t\t\n\t\t\tclass=\"so-widget-sow-editor so-widget-sow-editor-base\"\n\t\t\t\n\t\t>\n<div class=\"siteorigin-widget-tinymce textwidget\">\n\t<p style=\"text-align: justify;\">Licenciado en Ciencias Matem\u00e1ticas por la Universidad de Murcia en el a\u00f1o 1982. Tom\u00e1s Jim\u00e9nez se desempe\u00f1a como Secretario Ejecutivo de la Sectorial de Tecnolog\u00edas de la Conferencia de Rectores de Universidades Espa\u00f1olas, Director del \u00c1rea de Tecnolog\u00edas de la Universidad de Murcia y como Director del Observatorio Internacional de la TUI (Tarjeta Universitaria Inteligente). Estas tareas las desempe\u00f1a junto a su participaci\u00f3n como miembro del Grupo de Expertos en Administraci\u00f3n Electr\u00f3nica del Gobierno espa\u00f1ol.<\/p>\n<p style=\"text-align: justify;\">Durante seis a\u00f1os fue profesor de Ingenier\u00eda del software en Facultad Inform\u00e1tica de Universidad de Murcia. Trabaj\u00f3 como asesor de la Comisi\u00f3n Europea para evaluaci\u00f3n de proyectos TI y como Director General de Inform\u00e1tica del Gobierno de la regi\u00f3n de Murcia (Espa\u00f1a).<\/p>\n<\/div>\n<\/div><\/div><\/div><div id=\"pgc-63-0-2\"  class=\"panel-grid-cell\" ><div id=\"panel-63-0-2-0\" class=\"so-panel widget widget_sow-image panel-first-child\" data-index=\"6\" ><div\n\t\t\t\n\t\t\tclass=\"so-widget-sow-image so-widget-sow-image-default-c67d20f9f743-63\"\n\t\t\t\n\t\t>\n<div class=\"sow-image-container\">\n\t\t<img \n\tsrc=\"https:\/\/anuies-tic.anuies.mx\/web\/encuentro2016\/wp-content\/uploads\/sites\/9\/2016\/05\/faraon1.png\" width=\"200\" height=\"200\" srcset=\"https:\/\/anuies-tic.anuies.mx\/web\/encuentro2016\/wp-content\/uploads\/sites\/9\/2016\/05\/faraon1.png 200w, https:\/\/anuies-tic.anuies.mx\/web\/encuentro2016\/wp-content\/uploads\/sites\/9\/2016\/05\/faraon1-150x150.png 150w\" sizes=\"(max-width: 200px) 100vw, 200px\" alt=\"\" \t\tclass=\"so-widget-image\"\/>\n\t<\/div>\n\n<\/div><\/div><div id=\"panel-63-0-2-1\" class=\"so-panel widget widget_sow-editor\" data-index=\"7\" ><div\n\t\t\t\n\t\t\tclass=\"so-widget-sow-editor so-widget-sow-editor-base\"\n\t\t\t\n\t\t>\n<div class=\"siteorigin-widget-tinymce textwidget\">\n\t<p style=\"text-align: center;\"><strong>Dr. Fara\u00f3n Llorens Largo (Espa\u00f1a)<\/strong><br \/>\nUniversidad de Alicante, Espa\u00f1a<br \/>\nCoordinador del informe anual de la CRUE<br \/>\n\u201cUNIVERSITIC: Las TIC en el Sistema Universitario Espa\u00f1ol\"<\/p>\n<\/div>\n<\/div><\/div><div id=\"panel-63-0-2-2\" class=\"so-panel widget widget_sow-editor panel-last-child\" data-index=\"8\" ><div\n\t\t\t\n\t\t\tclass=\"so-widget-sow-editor so-widget-sow-editor-base\"\n\t\t\t\n\t\t>\n<div class=\"siteorigin-widget-tinymce textwidget\">\n\t<p style=\"text-align: justify;\">Diplomado en Profesorado de EGB por la Universidad de Alicante, Mestre de Valenci\u00e0 por el Gabinet d\u2019\u00fas del Valenci\u00e0, Licenciado en Inform\u00e1tica por la Universidad Polit\u00e9cnica de Valencia y doctor Ingeniero en Inform\u00e1tica por la Universidad de Alicante.<\/p>\n<p style=\"text-align: justify;\">Vinculado a la Universidad de Alicante como catedr\u00e1tico de Escuela Universitaria de Ciencia de la Computaci\u00f3n e Inteligencia Artificial.<\/p>\n<p style=\"text-align: justify;\">Ha ocupado distintos cargos de direcci\u00f3n, siendo subdirector del Departamento de Tecnolog\u00eda Inform\u00e1tica y Computaci\u00f3n, subdirector del Departamento de Ciencia de la Computaci\u00f3n e Inteligencia Artificial, Director de la Escuela Polit\u00e9cnica Superior y Vicerrector de Tecnolog\u00eda e Innovaci\u00f3n Educativa. En la actualidad es el Director de la C\u00e1tedra Santander-Universidad de Alicante de Transformaci\u00f3n Digital.<\/p>\n<p style=\"text-align: justify;\">Ha sido el Secretario Ejecutivo de la Comisi\u00f3n Sectorial de Tecnolog\u00edas de la Informaci\u00f3n y las Comunicaciones de la Conferencia de Rectores de las Universidades Espa\u00f1olas (CRUE) y actualmente es el Coordinador del informe anual de la CRUE \u201cUNIVERSITIC: Las TIC en el Sistema Universitario Espa\u00f1ol\u201d.<\/p>\n<p style=\"text-align: justify;\">Ha recibido el premio \u201cSapiens 2008 al Profesional\u201d, concedido por el Colegio Oficial de Ingenieros en Inform\u00e1tica de la Comunidad Valenciana. Y el premio \u201cAENUI a la Calidad e Innovaci\u00f3n Docente 2013\u201d, concedido por la Asociaci\u00f3n de Ense\u00f1antes Universitarios de la Inform\u00e1tica. Desde 2010 es vocal de la Comisi\u00f3n Asesora en Innovaci\u00f3n Educativa de la Universidad Polit\u00e9cnica de Madrid. Desde 2011 es miembro del Consejo Asesor de la C\u00e1tedra INCREA de Innovaci\u00f3n, Creatividad y Aprendizaje de la Universitat Jaume I de Castell\u00f3n.<\/p>\n<p style=\"text-align: justify;\">Desde 2012 es miembro asociado de la C\u00e1tedra UNESCO de Gesti\u00f3n y Pol\u00edtica Universitaria de la Universidad Polit\u00e9cnica de Madrid.<\/p>\n<\/div>\n<\/div><\/div><\/div><\/div><div id=\"pg-63-1\"  class=\"panel-grid panel-no-style\" ><div id=\"pgc-63-1-0\"  class=\"panel-grid-cell\" ><div id=\"panel-63-1-0-0\" class=\"so-panel widget widget_sow-image panel-first-child\" data-index=\"9\" ><div\n\t\t\t\n\t\t\tclass=\"so-widget-sow-image so-widget-sow-image-default-3a2476c0e107-63\"\n\t\t\t\n\t\t>\n<div class=\"sow-image-container\">\n\t\t<img \n\tsrc=\"https:\/\/anuies-tic.anuies.mx\/web\/encuentro2016\/wp-content\/uploads\/sites\/9\/2016\/10\/chema2.png\" width=\"210\" height=\"200\" sizes=\"(max-width: 210px) 100vw, 210px\" alt=\"\" \t\tclass=\"so-widget-image\"\/>\n\t<\/div>\n\n<\/div><\/div><div id=\"panel-63-1-0-1\" class=\"so-panel widget widget_sow-editor\" data-index=\"10\" ><div\n\t\t\t\n\t\t\tclass=\"so-widget-sow-editor so-widget-sow-editor-base\"\n\t\t\t\n\t\t>\n<div class=\"siteorigin-widget-tinymce textwidget\">\n\t<p style=\"text-align: center;\"><strong>Dr. Chema Alonso (Espa\u00f1a)<\/strong><br \/>Director Digital (CDO)<br \/>Telef\u00f3nica, Espa\u00f1a<\/p>\n<\/div>\n<\/div><\/div><div id=\"panel-63-1-0-2\" class=\"so-panel widget widget_sow-editor panel-last-child\" data-index=\"11\" ><div\n\t\t\t\n\t\t\tclass=\"so-widget-sow-editor so-widget-sow-editor-base\"\n\t\t\t\n\t\t>\n<div class=\"siteorigin-widget-tinymce textwidget\">\n\t<p style=\"text-align: justify;\">Chema Alonso es actualmente CDO de Telef\u00f3nica. Previamente fue el fundador y CEO de Eleven Paths empresa filial de Telef\u00f3nica Digital centrada en la innovaci\u00f3n en productos de seguridad y el Director General de Global Security Business en la unidad B2B de Telef\u00f3nica Business Solutions.<\/p>\n<p style=\"text-align: justify;\">Anteriormente trabaj\u00f3 y dirigi\u00f3 Inform\u00e1tica 64 durante 14 a\u00f1os, empresa centrada en Seguridad Inform\u00e1tica y formaci\u00f3n. Es Dr. en Seguridad Inform\u00e1tica por la Universidad Rey Juan Carlos de Madrid, Ingeniero Inform\u00e1tico por la URJC e Ingeniero Inform\u00e1tico de Sistemas por la Universidad Polit\u00e9cnica de Madrid, que adem\u00e1s le nombr\u00f3 Embajador Honor\u00edfico de la Escuela Universitaria de Inform\u00e1tica en el a\u00f1o 2012.<\/p>\n<\/div>\n<\/div><\/div><\/div><div id=\"pgc-63-1-1\"  class=\"panel-grid-cell\" ><div id=\"panel-63-1-1-0\" class=\"so-panel widget widget_sow-image panel-first-child\" data-index=\"12\" ><div\n\t\t\t\n\t\t\tclass=\"so-widget-sow-image so-widget-sow-image-default-3a2476c0e107-63\"\n\t\t\t\n\t\t>\n<div class=\"sow-image-container\">\n\t\t<img \n\tsrc=\"https:\/\/anuies-tic.anuies.mx\/web\/encuentro2016\/wp-content\/uploads\/sites\/9\/2016\/05\/jorge_gutierrez_circulo.png\" width=\"201\" height=\"199\" srcset=\"https:\/\/anuies-tic.anuies.mx\/web\/encuentro2016\/wp-content\/uploads\/sites\/9\/2016\/05\/jorge_gutierrez_circulo.png 201w, https:\/\/anuies-tic.anuies.mx\/web\/encuentro2016\/wp-content\/uploads\/sites\/9\/2016\/05\/jorge_gutierrez_circulo-150x150.png 150w\" sizes=\"(max-width: 201px) 100vw, 201px\" alt=\"\" \t\tclass=\"so-widget-image\"\/>\n\t<\/div>\n\n<\/div><\/div><div id=\"panel-63-1-1-1\" class=\"so-panel widget widget_sow-editor\" data-index=\"13\" ><div\n\t\t\t\n\t\t\tclass=\"so-widget-sow-editor so-widget-sow-editor-base\"\n\t\t\t\n\t\t>\n<div class=\"siteorigin-widget-tinymce textwidget\">\n\t<p style=\"text-align: center;\"><strong>Jorge H. Guti\u00e9rrez Mart\u00ednez (M\u00e9xico)<\/strong><br \/> Gerente de Desarrollo de Negocios para Educaci\u00f3n en M\u00e9xico<br \/> Intel Corporation<\/p>\n<\/div>\n<\/div><\/div><div id=\"panel-63-1-1-2\" class=\"so-panel widget widget_sow-editor panel-last-child\" data-index=\"14\" ><div\n\t\t\t\n\t\t\tclass=\"so-widget-sow-editor so-widget-sow-editor-base\"\n\t\t\t\n\t\t>\n<div class=\"siteorigin-widget-tinymce textwidget\">\n\t<p style=\"text-align: justify;\">Jorge Guti\u00e9rrez es ingeniero en control y computaci\u00f3n egresado de la Universidad Aut\u00f3noma de Nuevo Le\u00f3n y maestro de educaci\u00f3n primaria del Instituto Regiomontano y la Universidad de Monterrey, con estudios de posgrado en tecnolog\u00eda educativa en la Universidad de la Frontera en Chile. Jorge es Gerente de Desarrollo de Negocios para Educaci\u00f3n de Intel en M\u00e9xico. Con treinta y cinco a\u00f1os de experiencia en los sectores de Educaci\u00f3n y Tecnolog\u00edas, Jorge influencia la visi\u00f3n tecnol\u00f3gica educativa de instituciones y organizaciones p\u00fablicas y privadas. En el Banco Mundial se desempe\u00f1\u00f3 como Especialista en Educaci\u00f3n y Tecnolog\u00edas para Am\u00e9rica Latina y Asia, y Coordinador del Programa Enlaces Mundiales para el Desarrollo. Durante los \u00faltimos once a\u00f1os, Jorge ha liderado varias iniciativas en Tecnolog\u00edas y Educaci\u00f3n en Am\u00e9rica Latina promovidas por organismos internacionales, como el Banco Mundial, Banco Interamericano de Desarrollo, UNESCO y para los Gobiernos de Costa Rica, Colombia, M\u00e9xico y Per\u00fa, as\u00ed como para instituciones privadas.<\/p>\n<\/div>\n<\/div><\/div><\/div><div id=\"pgc-63-1-2\"  class=\"panel-grid-cell\" ><div id=\"panel-63-1-2-0\" class=\"so-panel widget widget_sow-image panel-first-child\" data-index=\"15\" ><div\n\t\t\t\n\t\t\tclass=\"so-widget-sow-image so-widget-sow-image-default-c67d20f9f743-63\"\n\t\t\t\n\t\t>\n<div class=\"sow-image-container\">\n\t\t<img \n\tsrc=\"https:\/\/anuies-tic.anuies.mx\/web\/encuentro2016\/wp-content\/uploads\/sites\/9\/2016\/05\/edd-craft2.png\" width=\"210\" height=\"200\" sizes=\"(max-width: 210px) 100vw, 210px\" alt=\"\" \t\tclass=\"so-widget-image\"\/>\n\t<\/div>\n\n<\/div><\/div><div id=\"panel-63-1-2-1\" class=\"so-panel widget widget_sow-editor\" data-index=\"16\" ><div\n\t\t\t\n\t\t\tclass=\"so-widget-sow-editor so-widget-sow-editor-base\"\n\t\t\t\n\t\t>\n<div class=\"siteorigin-widget-tinymce textwidget\">\n\t<p style=\"text-align: center;\"><strong>Dr. Edwin Craft (Estados Unidos)<\/strong><br \/> Chief Information Officer<br \/> Delta State University<\/p>\n<\/div>\n<\/div><\/div><div id=\"panel-63-1-2-2\" class=\"so-panel widget widget_sow-editor panel-last-child\" data-index=\"17\" ><div\n\t\t\t\n\t\t\tclass=\"so-widget-sow-editor so-widget-sow-editor-base\"\n\t\t\t\n\t\t>\n<div class=\"siteorigin-widget-tinymce textwidget\">\n\t<p style=\"text-align: justify;\">El Dr. Edwin Craft ha sido el CIO de Ellucian durante cuatro a\u00f1os en la Universidad Estatal de Delta en Mississippi, Estados Unidos. Es el responsable de la direcci\u00f3n y gesti\u00f3n del sitio y los recursos a distancia, que promueven el \u00e9xito de la universidad a trav\u00e9s del uso de la tecnolog\u00eda.<\/p>\n<p style=\"text-align: justify;\">El Doctor Craft tiene m\u00e1s de 20 a\u00f1os de experiencia en diversas funciones de la tecnolog\u00eda y ha estado en la educaci\u00f3n superior por m\u00e1s de 16 a\u00f1os.<\/p>\n<p style=\"text-align: justify;\">Edwin Craft, es nativo de Mississippi, y es graduado de la Maestr\u00eda en Administraci\u00f3n de Empresas y Doctorado en Educaci\u00f3n de la Universidad de Western Kentucky.<\/p>\n<p style=\"text-align: justify;\">Tambi\u00e9n ha participado en el Instituto de Gesti\u00f3n y Liderazgo en Educaci\u00f3n de la Universidad de Harvard y en el programa de EDUCAUSE Learning liderazgo tecnol\u00f3gico, en Penn State.<\/p>\n<p>\u00a0<\/p>\n<\/div>\n<\/div><\/div><\/div><\/div><div id=\"pg-63-2\"  class=\"panel-grid panel-no-style\" ><div id=\"pgc-63-2-0\"  class=\"panel-grid-cell\" ><div id=\"panel-63-2-0-0\" class=\"so-panel widget widget_sow-image panel-first-child\" data-index=\"18\" ><div\n\t\t\t\n\t\t\tclass=\"so-widget-sow-image so-widget-sow-image-default-3a2476c0e107-63\"\n\t\t\t\n\t\t>\n<div class=\"sow-image-container\">\n\t\t<img \n\tsrc=\"https:\/\/anuies-tic.anuies.mx\/web\/encuentro2016\/wp-content\/uploads\/sites\/9\/2016\/05\/Francisco-j-Moises1.png\" width=\"200\" height=\"200\" srcset=\"https:\/\/anuies-tic.anuies.mx\/web\/encuentro2016\/wp-content\/uploads\/sites\/9\/2016\/05\/Francisco-j-Moises1.png 200w, https:\/\/anuies-tic.anuies.mx\/web\/encuentro2016\/wp-content\/uploads\/sites\/9\/2016\/05\/Francisco-j-Moises1-150x150.png 150w\" sizes=\"(max-width: 200px) 100vw, 200px\" title=\"francisco-j-moises1\" alt=\"\" \t\tclass=\"so-widget-image\"\/>\n\t<\/div>\n\n<\/div><\/div><div id=\"panel-63-2-0-1\" class=\"so-panel widget widget_sow-editor\" data-index=\"19\" ><div\n\t\t\t\n\t\t\tclass=\"so-widget-sow-editor so-widget-sow-editor-base\"\n\t\t\t\n\t\t>\n<div class=\"siteorigin-widget-tinymce textwidget\">\n\t<p style=\"text-align: center;\"><strong>Francisco J. Mois\u00e9s (Uruguay)<\/strong><br \/>\nEducation Industry General Manager for<br \/>\nMicrosoft Corporation in The Americas<\/p>\n<p style=\"text-align: center;\">\n<\/div>\n<\/div><\/div><div id=\"panel-63-2-0-2\" class=\"so-panel widget widget_sow-editor panel-last-child\" data-index=\"20\" ><div\n\t\t\t\n\t\t\tclass=\"so-widget-sow-editor so-widget-sow-editor-base\"\n\t\t\t\n\t\t>\n<div class=\"siteorigin-widget-tinymce textwidget\">\n\t<p style=\"text-align: justify;\">Francisco Mois\u00e9s es el Director General de Educaci\u00f3n Microsoft Corporation en las Am\u00e9ricas, apoya a la organizaci\u00f3n dedicado a las personas para lograr su potencial social y econ\u00f3mico al permitir acceso a la Educaci\u00f3n de calidad para todos a trav\u00e9s de la tecnolog\u00eda. Con una trayectoria profesional en Ingenier\u00eda de sistemas de TI. Se uni\u00f3 a Microsoft en 1995 en la oficina de Uruguay. Desde entonces ha ocupado diversas posiciones t\u00e9cnicas, ventas, marketing y posiciones ejecutivas.<\/p>\n<p style=\"text-align: justify;\">Con una misi\u00f3n personal de inspiraci\u00f3n a desarrollar personal, organizaciones y contribuci\u00f3n, Francisco ha llevado muchas iniciativas que ayudaron a los gobiernos ampliar la inclusi\u00f3n digital, transformar la educaci\u00f3n y crear mayores oportunidades.<\/p>\n<\/div>\n<\/div><\/div><\/div><div id=\"pgc-63-2-1\"  class=\"panel-grid-cell\" ><div id=\"panel-63-2-1-0\" class=\"so-panel widget widget_sow-image panel-first-child\" data-index=\"21\" ><div\n\t\t\t\n\t\t\tclass=\"so-widget-sow-image so-widget-sow-image-default-3a2476c0e107-63\"\n\t\t\t\n\t\t>\n<div class=\"sow-image-container\">\n\t\t<img \n\tsrc=\"https:\/\/anuies-tic.anuies.mx\/web\/encuentro2016\/wp-content\/uploads\/sites\/9\/2016\/05\/HugoLopezAlvarez_circulo.png\" width=\"210\" height=\"200\" sizes=\"(max-width: 210px) 100vw, 210px\" title=\"hugolopezalvarez_circulo\" alt=\"\" \t\tclass=\"so-widget-image\"\/>\n\t<\/div>\n\n<\/div><\/div><div id=\"panel-63-2-1-1\" class=\"so-panel widget widget_sow-editor\" data-index=\"22\" ><div\n\t\t\t\n\t\t\tclass=\"so-widget-sow-editor so-widget-sow-editor-base\"\n\t\t\t\n\t\t>\n<div class=\"siteorigin-widget-tinymce textwidget\">\n\t<p style=\"text-align: center;\"><strong>Mtro. Hugo L\u00f3pez Alvarez (M\u00e9xico)<\/strong><br \/>\nDirector del \u00c1rea de Desarrollo Web y Medios Sociales<br \/>\nen la Universidad de las Am\u00e9ricas Puebla<\/p>\n<p style=\"text-align: center;\">\n<\/div>\n<\/div><\/div><div id=\"panel-63-2-1-2\" class=\"so-panel widget widget_sow-editor panel-last-child\" data-index=\"23\" ><div\n\t\t\t\n\t\t\tclass=\"so-widget-sow-editor so-widget-sow-editor-base\"\n\t\t\t\n\t\t>\n<div class=\"siteorigin-widget-tinymce textwidget\">\n\t<p style=\"text-align: justify;\">El Mtro. Hugo L\u00f3pez Alvarez es Director del \u00c1rea de Desarrollo Web y Medios sociales en la Universidad de las Am\u00e9ricas Puebla, cuenta con Licenciatura en Ingenier\u00eda en Sistemas Computaciones y maestr\u00eda en Marketing y Negocios Internacionales ambas por la UDLAP. El Mtro. L\u00f3pez cuenta con 15 a\u00f1os de experiencias en el \u00e1rea de Tecnolog\u00edas de la Informaci\u00f3n incluyendo redes y telecomunicaciones, desarrollo de sistema, desarrollo de plataformas web, entre otras \u00e1reas.\u00a0 En los \u00faltimos a\u00f1os sus esfuerzos se han dedicado al desarrollo de estrategias de marketing digital adem\u00e1s de ayudar a instituciones educativas a promover y coordinar estrategias de negocio enfocadas hacia una transformaci\u00f3n digital. Se considera as\u00ed mismo un tecno evangelista impulsor de individuos y organizaciones en la adopci\u00f3n de nuevas tecnolog\u00edas.<\/p>\n<p>\u00a0<\/p>\n<\/div>\n<\/div><\/div><\/div><div id=\"pgc-63-2-2\"  class=\"panel-grid-cell\" ><div id=\"panel-63-2-2-0\" class=\"so-panel widget widget_sow-image panel-first-child\" data-index=\"24\" ><div\n\t\t\t\n\t\t\tclass=\"so-widget-sow-image so-widget-sow-image-default-c67d20f9f743-63\"\n\t\t\t\n\t\t>\n<div class=\"sow-image-container\">\n\t\t<img \n\tsrc=\"https:\/\/anuies-tic.anuies.mx\/web\/encuentro2016\/wp-content\/uploads\/sites\/9\/2016\/05\/Wilmer2.png\" width=\"210\" height=\"200\" sizes=\"(max-width: 210px) 100vw, 210px\" title=\"wilmer2\" alt=\"\" \t\tclass=\"so-widget-image\"\/>\n\t<\/div>\n\n<\/div><\/div><div id=\"panel-63-2-2-1\" class=\"so-panel widget widget_sow-editor\" data-index=\"25\" ><div\n\t\t\t\n\t\t\tclass=\"so-widget-sow-editor so-widget-sow-editor-base\"\n\t\t\t\n\t\t>\n<div class=\"siteorigin-widget-tinymce textwidget\">\n\t<p style=\"text-align: center;\"><strong>Wilmer Prieto Go\u0301mez (Colombia)<\/strong><br \/>\nPractice Manager, Foundstone Consulting Latino America Intel Security Professional Services<\/p>\n<\/div>\n<\/div><\/div><div id=\"panel-63-2-2-2\" class=\"so-panel widget widget_sow-editor panel-last-child\" data-index=\"26\" ><div\n\t\t\t\n\t\t\tclass=\"so-widget-sow-editor so-widget-sow-editor-base\"\n\t\t\t\n\t\t>\n<div class=\"siteorigin-widget-tinymce textwidget\">\n\t<p style=\"text-align: justify;\">Ingeniero de Sistemas su experiencia en Gerenciamiento, Seguridad de la Informacio\u0301n, Ciberseguridad, Telecomunicaciones y Seguridad Informa\u0301tica es comprobada por sus estudios, certificaciones y su desempen\u0303o laboral superior a diez an\u0303os en grandes compan\u0303i\u0301as como Intel, McAfee Inc., Hewlett-Packard (HP), Electronic Data Systems (EDS), INTRALOT, TELEFONICA entre otras, En las cuales ha disen\u0303ado, participado, implementado, implantado y administrado esta\u0301ndares, marcos de referencia, modelos y mejores pra\u0301cticas en Ciberseguridad, Ciberdefensa, Seguridad de la Informacio\u0301n asi\u0301 como soluciones en Seguridad de la Informacio\u0301n, telecomunicaciones, seguridad en redes y tecnologi\u0301as de informacio\u0301n para grandes compan\u0303i\u0301as y organizaciones de diferentes sectores y a lo largo de diferentes pai\u0301ses a nivel mundial.<\/p>\n<p style=\"text-align: justify;\">Como Gerente en Foundstone, Wilmer tiene una gran experiencia profesional trabajando en la prestacio\u0301n de servicios de consultori\u0301a de seguridad de alta calidad a nuestros clientes de Ame\u0301rica Latina, Li\u0301der en equipos de desarrollo de metodologi\u0301as de Investigacio\u0301n para la unidad de seguridad Intel Security de Intel a nivel mundial, miembro en equipos de investigacio\u0301n y desarrollo de nuevas metodologi\u0301as a nivel global, experto en interaccio\u0301n con el cliente en todos los niveles de la organizacio\u0301n, una amplia y profunda experiencia en tecnologi\u0301as, arquitectura del sistema y operaciones de negocio permiten a Wilmer cerrar la brecha de comunicacio\u0301n entre las personas, la infraestructura, las tecnologi\u0301a y los negocios, liderando los portafolios y la estrategia de Foundstone Consulting, procesos de consultori\u0301a y li\u0301neas de certificacio\u0301n en procesos a los cuales aplica como por ejemplo servicios asociados a PCI DSS.<\/p>\n<\/div>\n<\/div><\/div><\/div><\/div><div id=\"pg-63-3\"  class=\"panel-grid panel-no-style\" ><div id=\"pgc-63-3-0\"  class=\"panel-grid-cell\" ><div id=\"panel-63-3-0-0\" class=\"so-panel widget widget_sow-image panel-first-child\" data-index=\"27\" ><div\n\t\t\t\n\t\t\tclass=\"so-widget-sow-image so-widget-sow-image-default-3a2476c0e107-63\"\n\t\t\t\n\t\t>\n<div class=\"sow-image-container\">\n\t\t<img \n\tsrc=\"https:\/\/anuies-tic.anuies.mx\/web\/encuentro2016\/wp-content\/uploads\/sites\/9\/2016\/05\/eduardo.lopez-circulo.png\" width=\"210\" height=\"200\" sizes=\"(max-width: 210px) 100vw, 210px\" title=\"eduardo-lopez-circulo\" alt=\"\" \t\tclass=\"so-widget-image\"\/>\n\t<\/div>\n\n<\/div><\/div><div id=\"panel-63-3-0-1\" class=\"so-panel widget widget_sow-editor\" data-index=\"28\" ><div\n\t\t\t\n\t\t\tclass=\"so-widget-sow-editor so-widget-sow-editor-base\"\n\t\t\t\n\t\t>\n<div class=\"siteorigin-widget-tinymce textwidget\">\n\t<p style=\"text-align: center;\"><strong>Eduardo L\u00f3pez (M\u00e9xico)<\/strong><br \/> Gerente Regional de Ciber seguridad en Am\u00e9rica Latina<\/p>\n<p style=\"text-align: center;\">\u00a0<\/p>\n<\/div>\n<\/div><\/div><div id=\"panel-63-3-0-2\" class=\"so-panel widget widget_sow-editor panel-last-child\" data-index=\"29\" ><div\n\t\t\t\n\t\t\tclass=\"so-widget-sow-editor so-widget-sow-editor-base\"\n\t\t\t\n\t\t>\n<div class=\"siteorigin-widget-tinymce textwidget\">\n\t<p style=\"text-align: justify;\">Eduardo L\u00f3pez, un Gerente Regional de Ciberseguridad en Am\u00e9rica Latina, ha trabajado en la empresa de Darktrace desde la fundaci\u00f3n de la Oficina Central en los Estados Unidos, que est\u00e1 basada en San Francisco, California.\u00a0 Sr. L\u00f3pez es uno de los gerentes m\u00e1s experimentados en la empresa y se especializa en negocios en los Estados Unidos y el mercado Latino Americano.\u00a0 Sr. L\u00f3pez fue el primero gerente de Darktrace que desarroll\u00f3 e inici\u00f3 relaciones en Am\u00e9rica Latina, y lanz\u00f3 la tecnolog\u00eda de Darktrace, el Enterprise Immune System, especialmente en el mercado Mexicano.\u00a0 Su trabajo en Darktrace est\u00e1 apoyada con experiencia profundo en operaciones de negocios y manejo de proyectos en algunas de las empresas m\u00e1s grandes en los Estados Unidos y con un t\u00edtulo de una de las universidades mejores de EEUU, la Universidad de California, Berkeley.\u00a0 Su entendimiento fundamental de la importancia y gravedad de soluciones de ciberseguridad en cada industria eleva su trabajo con Darktrace.\u00a0\u00a0<\/p>\n<\/div>\n<\/div><\/div><\/div><div id=\"pgc-63-3-1\"  class=\"panel-grid-cell\" ><div id=\"panel-63-3-1-0\" class=\"so-panel widget widget_sow-image panel-first-child\" data-index=\"30\" ><div\n\t\t\t\n\t\t\tclass=\"so-widget-sow-image so-widget-sow-image-default-3a2476c0e107-63\"\n\t\t\t\n\t\t><\/div><\/div><div id=\"panel-63-3-1-1\" class=\"so-panel widget widget_sow-editor\" data-index=\"31\" ><div\n\t\t\t\n\t\t\tclass=\"so-widget-sow-editor so-widget-sow-editor-base\"\n\t\t\t\n\t\t>\n<div class=\"siteorigin-widget-tinymce textwidget\">\n\t<\/div>\n<\/div><\/div><div id=\"panel-63-3-1-2\" class=\"so-panel widget widget_sow-editor panel-last-child\" data-index=\"32\" ><div\n\t\t\t\n\t\t\tclass=\"so-widget-sow-editor so-widget-sow-editor-base\"\n\t\t\t\n\t\t>\n<div class=\"siteorigin-widget-tinymce textwidget\">\n\t<\/div>\n<\/div><\/div><\/div><div id=\"pgc-63-3-2\"  class=\"panel-grid-cell\" ><div id=\"panel-63-3-2-0\" class=\"so-panel widget widget_sow-image panel-first-child\" data-index=\"33\" ><div\n\t\t\t\n\t\t\tclass=\"so-widget-sow-image so-widget-sow-image-default-c67d20f9f743-63\"\n\t\t\t\n\t\t><\/div><\/div><div id=\"panel-63-3-2-1\" class=\"so-panel widget widget_sow-editor\" data-index=\"34\" ><div\n\t\t\t\n\t\t\tclass=\"so-widget-sow-editor so-widget-sow-editor-base\"\n\t\t\t\n\t\t>\n<div class=\"siteorigin-widget-tinymce textwidget\">\n\t<\/div>\n<\/div><\/div><div id=\"panel-63-3-2-2\" class=\"so-panel widget widget_sow-editor panel-last-child\" data-index=\"35\" ><div\n\t\t\t\n\t\t\tclass=\"so-widget-sow-editor so-widget-sow-editor-base\"\n\t\t\t\n\t\t>\n<div class=\"siteorigin-widget-tinymce textwidget\">\n\t<\/div>\n<\/div><\/div><\/div><\/div><\/div>","protected":false},"excerpt":{"rendered":"<p>Mtro. Itzc\u00f3atl Tonatiuh Bravo Padilla (M\u00e9xico) Rector General de la Universidad de Guadalajara\u00a0 Economista por la Universidad de Guadalajara, Maestro en Administraci\u00f3n P\u00fablica por la Universidad de Nuevo M\u00e9xico, Estados Unidos, y cuenta con el M\u00e1ster Universitario en Sociedad de<\/p>\n","protected":false},"author":1,"featured_media":0,"parent":0,"menu_order":0,"comment_status":"closed","ping_status":"closed","template":"","meta":{"footnotes":""},"class_list":["post-63","page","type-page","status-publish","hentry"],"rttpg_featured_image_url":null,"rttpg_author":{"display_name":"ctrlweb","author_link":"https:\/\/anuies-tic.anuies.mx\/web\/encuentro2016\/author\/ctrldcsctrlweb\/"},"rttpg_comment":0,"rttpg_category":null,"rttpg_excerpt":"Mtro. Itzc\u00f3atl Tonatiuh Bravo Padilla (M\u00e9xico) Rector General de la Universidad de Guadalajara\u00a0 Economista por la Universidad de Guadalajara, Maestro en Administraci\u00f3n P\u00fablica por la Universidad de Nuevo M\u00e9xico, Estados Unidos, y cuenta con el M\u00e1ster Universitario en Sociedad de","_links":{"self":[{"href":"https:\/\/anuies-tic.anuies.mx\/web\/encuentro2016\/wp-json\/wp\/v2\/pages\/63","targetHints":{"allow":["GET"]}}],"collection":[{"href":"https:\/\/anuies-tic.anuies.mx\/web\/encuentro2016\/wp-json\/wp\/v2\/pages"}],"about":[{"href":"https:\/\/anuies-tic.anuies.mx\/web\/encuentro2016\/wp-json\/wp\/v2\/types\/page"}],"author":[{"embeddable":true,"href":"https:\/\/anuies-tic.anuies.mx\/web\/encuentro2016\/wp-json\/wp\/v2\/users\/1"}],"replies":[{"embeddable":true,"href":"https:\/\/anuies-tic.anuies.mx\/web\/encuentro2016\/wp-json\/wp\/v2\/comments?post=63"}],"version-history":[{"count":56,"href":"https:\/\/anuies-tic.anuies.mx\/web\/encuentro2016\/wp-json\/wp\/v2\/pages\/63\/revisions"}],"predecessor-version":[{"id":940,"href":"https:\/\/anuies-tic.anuies.mx\/web\/encuentro2016\/wp-json\/wp\/v2\/pages\/63\/revisions\/940"}],"wp:attachment":[{"href":"https:\/\/anuies-tic.anuies.mx\/web\/encuentro2016\/wp-json\/wp\/v2\/media?parent=63"}],"curies":[{"name":"wp","href":"https:\/\/api.w.org\/{rel}","templated":true}]}}