{"id":10168,"date":"2024-03-05T12:48:01","date_gmt":"2024-03-05T18:48:01","guid":{"rendered":"https:\/\/anuies-tic.anuies.mx\/web\/?page_id=10168"},"modified":"2024-11-28T08:42:46","modified_gmt":"2024-11-28T14:42:46","slug":"seminario-ciberseguridad-t5","status":"publish","type":"page","link":"https:\/\/anuies-tic.anuies.mx\/web\/seminario-ciberseguridad-t5\/","title":{"rendered":"Seminario: Ciberseguridad en Instituciones Educativas, Temporada 5"},"content":{"rendered":"<div id=\"pl-10168\"  class=\"panel-layout\" ><div id=\"pg-10168-0\"  class=\"panel-grid panel-has-style\" ><div class=\"siteorigin-panels-stretch panel-row-style panel-row-style-for-10168-0\" data-stretch-type=\"full-width-stretch\" ><div id=\"pgc-10168-0-0\"  class=\"panel-grid-cell panel-grid-cell-empty\" ><\/div><div id=\"pgc-10168-0-1\"  class=\"panel-grid-cell\" ><div id=\"panel-10168-0-1-0\" class=\"so-panel widget widget_sow-editor panel-first-child panel-last-child\" data-index=\"0\" ><div\n\t\t\t\n\t\t\tclass=\"so-widget-sow-editor so-widget-sow-editor-base\"\n\t\t\t\n\t\t><h3 class=\"widget-title\">D\u00eda Internacional de la Seguridad de la Informaci\u00f3n (DISI)<\/h3>\n<div class=\"siteorigin-widget-tinymce textwidget\">\n\t<p><iframe loading=\"lazy\" title=\"D\u00eda Internacional de la Seguridad de la Informaci\u00f3n (DISI\" width=\"720\" height=\"405\" src=\"https:\/\/www.youtube.com\/embed\/W4EuMMDkyRw?feature=oembed\" frameborder=\"0\" allow=\"accelerometer; autoplay; clipboard-write; encrypted-media; gyroscope; picture-in-picture; web-share\" referrerpolicy=\"strict-origin-when-cross-origin\" allowfullscreen><\/iframe><\/p>\n<p><a href=\"https:\/\/anuies-tic.anuies.mx\/web\/wp-content\/uploads\/2024\/11\/banner_s5_ciber-e1731512049107-Pt.jpg\"><img loading=\"lazy\" decoding=\"async\" class=\"aligncenter  wp-image-10653\" src=\"https:\/\/anuies-tic.anuies.mx\/web\/wp-content\/uploads\/2024\/11\/banner_s5_ciber-e1731512049107-Pt.jpg\" alt=\"\" width=\"899\" height=\"864\" srcset=\"https:\/\/anuies-tic.anuies.mx\/web\/wp-content\/uploads\/2024\/11\/banner_s5_ciber-e1731512049107-Pt.jpg 1157w, https:\/\/anuies-tic.anuies.mx\/web\/wp-content\/uploads\/2024\/11\/banner_s5_ciber-e1731512049107-Pt-300x288.jpg 300w, https:\/\/anuies-tic.anuies.mx\/web\/wp-content\/uploads\/2024\/11\/banner_s5_ciber-e1731512049107-Pt-1024x984.jpg 1024w, https:\/\/anuies-tic.anuies.mx\/web\/wp-content\/uploads\/2024\/11\/banner_s5_ciber-e1731512049107-Pt-768x738.jpg 768w\" sizes=\"auto, (max-width: 899px) 100vw, 899px\" \/><\/a><\/p>\n<\/div>\n<\/div><\/div><\/div><div id=\"pgc-10168-0-2\"  class=\"panel-grid-cell\" ><div id=\"panel-10168-0-2-0\" class=\"so-panel widget widget_sow-editor panel-first-child panel-last-child\" data-index=\"1\" ><div\n\t\t\t\n\t\t\tclass=\"so-widget-sow-editor so-widget-sow-editor-base\"\n\t\t\t\n\t\t>\n<div class=\"siteorigin-widget-tinymce textwidget\">\n\t<p>&nbsp;<\/p>\n<p>&nbsp;<\/p>\n<p style=\"text-align: justify;\">En el marco del\u00a0<b>D\u00eda Internacional de la Seguridad de la Informaci\u00f3n (DISI)<\/b>, la ANUIES a trav\u00e9s del\u00a0<b>Comit\u00e9 ANUIES-TIC<\/b>\u00a0y el\u00a0<b>Grupo de Seguridad de la Informaci\u00f3n<\/b>\u00a0tiene el agrado de invitarles a participar en una serie de conferencias y actividades que hemos organizado para fortalecer el conocimiento en ciberseguridad y crear conciencia sobre la importancia de la protecci\u00f3n de la informaci\u00f3n en nuestra vida cotidiana y profesional.<\/p>\n<p><b>Fecha<\/b>: 27 de noviembre<\/p>\n<p><b>Horario<\/b>: 16:00 hrs - 19:15 hrs<\/p>\n<p><b>Agenda<\/b>:<\/p>\n<p>16:00 - 16:10 Bienvenida<br \/>\n16:10 - 17:00 Premiaci\u00f3n\u00a0<b>CTF 2024 Metared-M\u00e9xico<br \/>\n<\/b>17:00 - 17:50 Webinar: \u201c<i>El futuro obscuro del cibercrimen<\/i>\u201d<br \/>\n17:50 - 18:00 Dudas o preguntas<br \/>\n18:00 - 18:15 Presentaci\u00f3n del 5to episodio del podcast<br \/>\n18:15 - 19:00 Webinar: \"Ransomware: Amenaza digital y estrategias de protecci\u00f3n\", Huawei<br \/>\n19:00 - 19:10 Dudas y\/o preguntas<br \/>\n19:10 - 19:15 Cierre y agradecimiento<\/p>\n<\/div>\n<\/div><\/div><\/div><div id=\"pgc-10168-0-3\"  class=\"panel-grid-cell\" ><div id=\"panel-10168-0-3-0\" class=\"so-panel widget widget_sow-button panel-first-child\" data-index=\"2\" ><div\n\t\t\t\n\t\t\tclass=\"so-widget-sow-button so-widget-sow-button-flat-2728174ed378-10168\"\n\t\t\t\n\t\t><div class=\"ow-button-base ow-button-align-center\"\n>\n\t\t\t<a\n\t\t\t\t\thref=\"https:\/\/anuies-tic.anuies.mx\/web\/seminario-ciberseguridad-t1\/\"\n\t\t\t\t\tclass=\"sowb-button ow-icon-placement-left ow-button-hover\" \t>\n\t\t<span>\n\t\t\t<span class=\"sow-icon-fontawesome sow-far\" data-sow-icon=\"&#xf144;\"\n\t\tstyle=\"color: #ffffff\" \n\t\taria-hidden=\"true\"><\/span>\n\t\t\tTemporada 1\t\t<\/span>\n\t\t\t<\/a>\n\t<\/div>\n<\/div><\/div><div id=\"panel-10168-0-3-1\" class=\"so-panel widget widget_sow-button\" data-index=\"3\" ><div\n\t\t\t\n\t\t\tclass=\"so-widget-sow-button so-widget-sow-button-flat-c0d0234215d9-10168\"\n\t\t\t\n\t\t><div class=\"ow-button-base ow-button-align-center\"\n>\n\t\t\t<a\n\t\t\t\t\thref=\"https:\/\/anuies-tic.anuies.mx\/web\/seminario-ciberseguridad-t2\/\"\n\t\t\t\t\tclass=\"sowb-button ow-icon-placement-left ow-button-hover\" \t>\n\t\t<span>\n\t\t\t<span class=\"sow-icon-fontawesome sow-far\" data-sow-icon=\"&#xf144;\"\n\t\tstyle=\"color: #ffffff\" \n\t\taria-hidden=\"true\"><\/span>\n\t\t\tTemporada 2\t\t<\/span>\n\t\t\t<\/a>\n\t<\/div>\n<\/div><\/div><div id=\"panel-10168-0-3-2\" class=\"so-panel widget widget_sow-button\" data-index=\"4\" ><div\n\t\t\t\n\t\t\tclass=\"so-widget-sow-button so-widget-sow-button-flat-b49d4f35703f-10168\"\n\t\t\t\n\t\t><div class=\"ow-button-base ow-button-align-center\"\n>\n\t\t\t<a\n\t\t\t\t\thref=\"https:\/\/anuies-tic.anuies.mx\/web\/seminario-ciberseguridad-t3\/\"\n\t\t\t\t\tclass=\"sowb-button ow-icon-placement-left ow-button-hover\" \t>\n\t\t<span>\n\t\t\t<span class=\"sow-icon-fontawesome sow-far\" data-sow-icon=\"&#xf144;\"\n\t\tstyle=\"color: #ffffff\" \n\t\taria-hidden=\"true\"><\/span>\n\t\t\tTemporada 3\t\t<\/span>\n\t\t\t<\/a>\n\t<\/div>\n<\/div><\/div><div id=\"panel-10168-0-3-3\" class=\"so-panel widget widget_sow-button panel-last-child\" data-index=\"5\" ><div\n\t\t\t\n\t\t\tclass=\"so-widget-sow-button so-widget-sow-button-flat-bbc1550bc565-10168\"\n\t\t\t\n\t\t><div class=\"ow-button-base ow-button-align-center\"\n>\n\t\t\t<a\n\t\t\t\t\thref=\"https:\/\/anuies-tic.anuies.mx\/web\/seminario-ciberseguridad-t4\/\"\n\t\t\t\t\tclass=\"sowb-button ow-icon-placement-left ow-button-hover\" \t>\n\t\t<span>\n\t\t\t<span class=\"sow-icon-fontawesome sow-far\" data-sow-icon=\"&#xf144;\"\n\t\tstyle=\"color: #ffffff\" \n\t\taria-hidden=\"true\"><\/span>\n\t\t\tTemporada 4\t\t<\/span>\n\t\t\t<\/a>\n\t<\/div>\n<\/div><\/div><\/div><\/div><\/div><div id=\"pg-10168-1\"  class=\"panel-grid panel-has-style\" ><div class=\"siteorigin-panels-stretch panel-row-style panel-row-style-for-10168-1\" data-stretch-type=\"full-width-stretch\" ><div id=\"pgc-10168-1-0\"  class=\"panel-grid-cell panel-grid-cell-empty\" ><\/div><div id=\"pgc-10168-1-1\"  class=\"panel-grid-cell\" ><div id=\"panel-10168-1-1-0\" class=\"so-panel widget widget_sow-editor panel-first-child panel-last-child\" data-index=\"6\" ><div\n\t\t\t\n\t\t\tclass=\"so-widget-sow-editor so-widget-sow-editor-base\"\n\t\t\t\n\t\t><h3 class=\"widget-title\">Sesi\u00f3n 4<\/h3>\n<div class=\"siteorigin-widget-tinymce textwidget\">\n\t<p><iframe loading=\"lazy\" title=\"Ciberseguridad en vilo: casos reales de incidentes en M\u00e9xico\" width=\"720\" height=\"405\" src=\"https:\/\/www.youtube.com\/embed\/5lYr3M2BOvc?feature=oembed\" frameborder=\"0\" allow=\"accelerometer; autoplay; clipboard-write; encrypted-media; gyroscope; picture-in-picture; web-share\" referrerpolicy=\"strict-origin-when-cross-origin\" allowfullscreen><\/iframe><\/p>\n<\/div>\n<\/div><\/div><\/div><div id=\"pgc-10168-1-2\"  class=\"panel-grid-cell panel-grid-cell-mobile-last\" ><div id=\"panel-10168-1-2-0\" class=\"so-panel widget widget_sow-editor panel-first-child panel-last-child\" data-index=\"7\" ><div\n\t\t\t\n\t\t\tclass=\"so-widget-sow-editor so-widget-sow-editor-base\"\n\t\t\t\n\t\t>\n<div class=\"siteorigin-widget-tinymce textwidget\">\n\t<p style=\"text-align: center;\"><span style=\"font-size: 18pt;\"><strong>\"Ciberseguridad en vilo: casos reales de incidentes en M\u00e9xico<\/strong><\/span><span style=\"font-size: 18pt;\"><strong>\"<\/strong><\/span><\/p>\n<hr \/>\n<p>&nbsp;<\/p>\n<p><span style=\"font-size: 14pt;\"><strong>Fecha<\/strong>: 11 de septiembre de 2024<\/span><\/p>\n<p><span style=\"font-size: 14pt;\"><strong>Hora<\/strong>: 17:00 horas (Horario de la CDMX)<\/span><\/p>\n<p><span style=\"font-size: 14pt;\"><strong>Expositor:<\/strong><\/span><\/p>\n<div class=\"event-speakers-item-name\">\n<p><b>Miguel \u00c1ngel Mendoza<br \/>\n<\/b>Cyber Hunters MX<\/p>\n<\/div>\n<p style=\"text-align: center;\"><a class=\"fasc-button fasc-size-large fasc-type-flat fasc-rounded-medium fasc-ico-before dashicons-admin-site\" style=\"background-color: #33809e; color: #ffffff;\" target=\"_blank\" href=\"https:\/\/eventos.anuies.mx\/120836\/detail\/ciberseguridad-en-vilo-casos-reales-de-incidentes-en-mexico.html\" rel=\"noopener\">Registro<\/a><\/p>\n<div class=\"event-speakers-item-name\">\n<p style=\"text-align: center;\">&nbsp;<\/p>\n<\/div>\n<\/div>\n<\/div><\/div><\/div><div id=\"pgc-10168-1-3\"  class=\"panel-grid-cell panel-grid-cell-empty\" ><\/div><\/div><\/div><div id=\"pg-10168-2\"  class=\"panel-grid panel-has-style\" ><div class=\"siteorigin-panels-stretch panel-row-style panel-row-style-for-10168-2\" data-stretch-type=\"full-width-stretch\" ><div id=\"pgc-10168-2-0\"  class=\"panel-grid-cell panel-grid-cell-empty\" ><\/div><div id=\"pgc-10168-2-1\"  class=\"panel-grid-cell\" ><div id=\"panel-10168-2-1-0\" class=\"so-panel widget widget_sow-editor panel-first-child panel-last-child\" data-index=\"8\" ><div\n\t\t\t\n\t\t\tclass=\"so-widget-sow-editor so-widget-sow-editor-base\"\n\t\t\t\n\t\t><h3 class=\"widget-title\">Sesi\u00f3n 3<\/h3>\n<div class=\"siteorigin-widget-tinymce textwidget\">\n\t<p><iframe loading=\"lazy\" title=\"Gobernanza de la Inteligencia Artificial en M\u00e9xico\" width=\"720\" height=\"405\" src=\"https:\/\/www.youtube.com\/embed\/2VFhvRysWV8?feature=oembed\" frameborder=\"0\" allow=\"accelerometer; autoplay; clipboard-write; encrypted-media; gyroscope; picture-in-picture; web-share\" referrerpolicy=\"strict-origin-when-cross-origin\" allowfullscreen><\/iframe><\/p>\n<\/div>\n<\/div><\/div><\/div><div id=\"pgc-10168-2-2\"  class=\"panel-grid-cell panel-grid-cell-mobile-last\" ><div id=\"panel-10168-2-2-0\" class=\"so-panel widget widget_sow-editor panel-first-child panel-last-child\" data-index=\"9\" ><div\n\t\t\t\n\t\t\tclass=\"so-widget-sow-editor so-widget-sow-editor-base\"\n\t\t\t\n\t\t>\n<div class=\"siteorigin-widget-tinymce textwidget\">\n\t<p style=\"text-align: center;\"><span style=\"font-size: 18pt;\"><strong>\"Gobernanza de la Inteligencia Artificial en M\u00e9xico<\/strong><\/span><span style=\"font-size: 18pt;\"><strong>\"<\/strong><\/span><\/p>\n<hr \/>\n<p>&nbsp;<\/p>\n<p><span style=\"font-size: 14pt;\"><strong>Fecha<\/strong>: 29 de mayo de 2024<\/span><\/p>\n<p><span style=\"font-size: 14pt;\"><strong>Hora<\/strong>: 17:00 horas (Horario de la CDMX)<\/span><\/p>\n<p><span style=\"font-size: 14pt;\"><strong>Expositor:<\/strong><\/span><\/p>\n<div class=\"event-speakers-item-name\">\n<p><strong>Dr. Ernesto Ibarra S\u00e1nchez. <\/strong><br \/>\nFundador de la AMCS y presidente de la AMCID.<\/p>\n<p style=\"text-align: center;\">\n<\/div>\n<\/div>\n<\/div><\/div><\/div><div id=\"pgc-10168-2-3\"  class=\"panel-grid-cell panel-grid-cell-empty\" ><\/div><\/div><\/div><div id=\"pg-10168-3\"  class=\"panel-grid panel-has-style\" ><div class=\"siteorigin-panels-stretch panel-row-style panel-row-style-for-10168-3\" data-stretch-type=\"full-width-stretch\" ><div id=\"pgc-10168-3-0\"  class=\"panel-grid-cell panel-grid-cell-empty\" ><\/div><div id=\"pgc-10168-3-1\"  class=\"panel-grid-cell\" ><div id=\"panel-10168-3-1-0\" class=\"so-panel widget widget_sow-editor panel-first-child panel-last-child\" data-index=\"10\" ><div\n\t\t\t\n\t\t\tclass=\"so-widget-sow-editor so-widget-sow-editor-base\"\n\t\t\t\n\t\t><h3 class=\"widget-title\">Sesi\u00f3n 2<\/h3>\n<div class=\"siteorigin-widget-tinymce textwidget\">\n\t<p><iframe loading=\"lazy\" title=\"C\u00f3mo crear tu Startup de Ciberseguridad con Inteligencia Artificial\" width=\"720\" height=\"405\" src=\"https:\/\/www.youtube.com\/embed\/ekExJR_iVQM?feature=oembed\" frameborder=\"0\" allow=\"accelerometer; autoplay; clipboard-write; encrypted-media; gyroscope; picture-in-picture; web-share\" referrerpolicy=\"strict-origin-when-cross-origin\" allowfullscreen><\/iframe><\/p>\n<\/div>\n<\/div><\/div><\/div><div id=\"pgc-10168-3-2\"  class=\"panel-grid-cell panel-grid-cell-mobile-last\" ><div id=\"panel-10168-3-2-0\" class=\"so-panel widget widget_sow-editor panel-first-child panel-last-child\" data-index=\"11\" ><div\n\t\t\t\n\t\t\tclass=\"so-widget-sow-editor so-widget-sow-editor-base\"\n\t\t\t\n\t\t>\n<div class=\"siteorigin-widget-tinymce textwidget\">\n\t<p style=\"text-align: center;\"><span style=\"font-size: 18pt;\"><strong>\"C\u00f3mo crear tu Startup de Ciberseguridad con Inteligencia Artificial\"<\/strong><\/span><\/p>\n<hr \/>\n<p>&nbsp;<\/p>\n<p><span style=\"font-size: 14pt;\"><strong>Fecha<\/strong>: 24 de abril de 2024<\/span><\/p>\n<p><span style=\"font-size: 14pt;\"><strong>Hora<\/strong>: 17:00 horas (Horario de la CDMX)<\/span><\/p>\n<p><span style=\"font-size: 14pt;\"><strong>Expositor:<\/strong><\/span><\/p>\n<div class=\"event-speakers-item-name\">\n<p><span style=\"font-size: 14pt;\">Dr. H\u00e9ctor Agust\u00edn L\u00f3pez Mart\u00ednez<\/span><\/p>\n<\/div>\n<\/div>\n<\/div><\/div><\/div><div id=\"pgc-10168-3-3\"  class=\"panel-grid-cell panel-grid-cell-empty\" ><\/div><\/div><\/div><div id=\"pg-10168-4\"  class=\"panel-grid panel-has-style\" ><div class=\"siteorigin-panels-stretch panel-row-style panel-row-style-for-10168-4\" data-stretch-type=\"full-width-stretch\" ><div id=\"pgc-10168-4-0\"  class=\"panel-grid-cell panel-grid-cell-empty\" ><\/div><div id=\"pgc-10168-4-1\"  class=\"panel-grid-cell\" ><div id=\"panel-10168-4-1-0\" class=\"so-panel widget widget_sow-editor panel-first-child panel-last-child\" data-index=\"12\" ><div\n\t\t\t\n\t\t\tclass=\"so-widget-sow-editor so-widget-sow-editor-base\"\n\t\t\t\n\t\t><h3 class=\"widget-title\">Sesi\u00f3n 1<\/h3>\n<div class=\"siteorigin-widget-tinymce textwidget\">\n\t<p><a href=\"https:\/\/anuies-tic.anuies.mx\/web\/wp-content\/uploads\/2024\/03\/01-Refleciones-sobre-equidad.png\"><img loading=\"lazy\" decoding=\"async\" class=\"aligncenter wp-image-10172 size-full\" src=\"https:\/\/anuies-tic.anuies.mx\/web\/wp-content\/uploads\/2024\/03\/01-Refleciones-sobre-equidad-e1709666726160.png\" alt=\"\" width=\"1731\" height=\"1620\" srcset=\"https:\/\/anuies-tic.anuies.mx\/web\/wp-content\/uploads\/2024\/03\/01-Refleciones-sobre-equidad-e1709666726160.png 1731w, https:\/\/anuies-tic.anuies.mx\/web\/wp-content\/uploads\/2024\/03\/01-Refleciones-sobre-equidad-e1709666726160-300x281.png 300w, https:\/\/anuies-tic.anuies.mx\/web\/wp-content\/uploads\/2024\/03\/01-Refleciones-sobre-equidad-e1709666726160-1024x958.png 1024w, https:\/\/anuies-tic.anuies.mx\/web\/wp-content\/uploads\/2024\/03\/01-Refleciones-sobre-equidad-e1709666726160-768x719.png 768w, https:\/\/anuies-tic.anuies.mx\/web\/wp-content\/uploads\/2024\/03\/01-Refleciones-sobre-equidad-e1709666726160-1536x1438.png 1536w\" sizes=\"auto, (max-width: 1731px) 100vw, 1731px\" \/><\/a><\/p>\n<\/div>\n<\/div><\/div><\/div><div id=\"pgc-10168-4-2\"  class=\"panel-grid-cell panel-grid-cell-mobile-last\" ><div id=\"panel-10168-4-2-0\" class=\"so-panel widget widget_sow-editor panel-first-child panel-last-child\" data-index=\"13\" ><div\n\t\t\t\n\t\t\tclass=\"so-widget-sow-editor so-widget-sow-editor-base\"\n\t\t\t\n\t\t>\n<div class=\"siteorigin-widget-tinymce textwidget\">\n\t<p style=\"text-align: center;\"><span style=\"font-size: 18pt;\"><strong>\"Reflexiones sobre equidad y discriminaci\u00f3n en relaci\u00f3n con la Inteligencia Artificial\"<\/strong><\/span><\/p>\n<hr \/>\n<p>&nbsp;<\/p>\n<p><span style=\"font-size: 14pt;\"><strong>Fecha<\/strong>: 15 de marzo de 2024<\/span><\/p>\n<p><span style=\"font-size: 14pt;\"><strong>Hora<\/strong>: 9:00 horas (Horario de la CDMX),\u00a0 15:00 hrs UTC<\/span><\/p>\n<p><span style=\"font-size: 14pt;\"><strong>Expositora:<\/strong><\/span><\/p>\n<div class=\"event-speakers-item-name\">\n<p><strong>Dra. Sof\u00eda Tejo<br \/>\nBarcelona Supercomputing Center<\/strong><\/p>\n<\/div>\n<\/div>\n<\/div><\/div><\/div><div id=\"pgc-10168-4-3\"  class=\"panel-grid-cell panel-grid-cell-empty\" ><\/div><\/div><\/div><\/div>","protected":false},"excerpt":{"rendered":"<p>https:\/\/www.youtube.com\/watch?v=W4EuMMDkyRw &nbsp; &nbsp; En el marco del\u00a0D\u00eda Internacional de la Seguridad de la Informaci\u00f3n (DISI), la ANUIES a trav\u00e9s del\u00a0Comit\u00e9 ANUIES-TIC\u00a0y el\u00a0Grupo de Seguridad de la Informaci\u00f3n\u00a0tiene el agrado de invitarles a participar en una serie de conferencias y actividades que hemos organizado para fortalecer el conocimiento en ciberseguridad y crear conciencia sobre la importancia [&hellip;]<\/p>\n","protected":false},"author":1,"featured_media":0,"parent":0,"menu_order":0,"comment_status":"closed","ping_status":"closed","template":"templates\/template-full.php","meta":{"_mc_calendar":[],"footnotes":""},"class_list":["post-10168","page","type-page","status-publish","hentry","post"],"rttpg_featured_image_url":null,"rttpg_author":{"display_name":"ctrlweb","author_link":"https:\/\/anuies-tic.anuies.mx\/web\/author\/ctrldcsctrlweb\/"},"rttpg_comment":0,"rttpg_category":null,"rttpg_excerpt":"https:\/\/www.youtube.com\/watch?v=W4EuMMDkyRw &nbsp; &nbsp; En el marco del\u00a0D\u00eda Internacional de la Seguridad de la Informaci\u00f3n (DISI), la ANUIES a trav\u00e9s del\u00a0Comit\u00e9 ANUIES-TIC\u00a0y el\u00a0Grupo de Seguridad de la Informaci\u00f3n\u00a0tiene el agrado de invitarles a participar en una serie de conferencias y actividades que hemos organizado para fortalecer el conocimiento en ciberseguridad y crear conciencia sobre la importancia&hellip;","_links":{"self":[{"href":"https:\/\/anuies-tic.anuies.mx\/web\/wp-json\/wp\/v2\/pages\/10168","targetHints":{"allow":["GET"]}}],"collection":[{"href":"https:\/\/anuies-tic.anuies.mx\/web\/wp-json\/wp\/v2\/pages"}],"about":[{"href":"https:\/\/anuies-tic.anuies.mx\/web\/wp-json\/wp\/v2\/types\/page"}],"author":[{"embeddable":true,"href":"https:\/\/anuies-tic.anuies.mx\/web\/wp-json\/wp\/v2\/users\/1"}],"replies":[{"embeddable":true,"href":"https:\/\/anuies-tic.anuies.mx\/web\/wp-json\/wp\/v2\/comments?post=10168"}],"version-history":[{"count":24,"href":"https:\/\/anuies-tic.anuies.mx\/web\/wp-json\/wp\/v2\/pages\/10168\/revisions"}],"predecessor-version":[{"id":10663,"href":"https:\/\/anuies-tic.anuies.mx\/web\/wp-json\/wp\/v2\/pages\/10168\/revisions\/10663"}],"wp:attachment":[{"href":"https:\/\/anuies-tic.anuies.mx\/web\/wp-json\/wp\/v2\/media?parent=10168"}],"curies":[{"name":"wp","href":"https:\/\/api.w.org\/{rel}","templated":true}]}}