{"id":10314,"date":"2024-05-10T10:47:03","date_gmt":"2024-05-10T16:47:03","guid":{"rendered":"https:\/\/anuies-tic.anuies.mx\/web\/?page_id=10314"},"modified":"2024-06-28T08:49:27","modified_gmt":"2024-06-28T14:49:27","slug":"seminario-gestion-de-la-tecnologia-educativa-t6","status":"publish","type":"page","link":"https:\/\/anuies-tic.anuies.mx\/web\/seminario-gestion-de-la-tecnologia-educativa-t6\/","title":{"rendered":"Seminario: Gesti\u00f3n de la Tecnolog\u00eda Educativa, Temporada 6"},"content":{"rendered":"<div id=\"pl-10314\"  class=\"panel-layout\" ><div id=\"pg-10314-0\"  class=\"panel-grid panel-has-style\" ><div class=\"siteorigin-panels-stretch panel-row-style panel-row-style-for-10314-0\" data-stretch-type=\"full-width-stretch\" ><div id=\"pgc-10314-0-0\"  class=\"panel-grid-cell panel-grid-cell-empty\" ><\/div><div id=\"pgc-10314-0-1\"  class=\"panel-grid-cell\" ><div id=\"panel-10314-0-1-0\" class=\"so-panel widget widget_sow-editor panel-first-child panel-last-child\" data-index=\"0\" ><div\n\t\t\t\n\t\t\tclass=\"so-widget-sow-editor so-widget-sow-editor-base\"\n\t\t\t\n\t\t><h3 class=\"widget-title\">Sesi\u00f3n 3<\/h3>\n<div class=\"siteorigin-widget-tinymce textwidget\">\n\t<p><iframe loading=\"lazy\" title=\"Panorama, retos y oportunidades. Expandiendo horizontes en la educaci\u00f3n\" width=\"720\" height=\"540\" src=\"https:\/\/www.youtube.com\/embed\/84dKvTUC_9Q?feature=oembed\" frameborder=\"0\" allow=\"accelerometer; autoplay; clipboard-write; encrypted-media; gyroscope; picture-in-picture; web-share\" referrerpolicy=\"strict-origin-when-cross-origin\" allowfullscreen><\/iframe><\/p>\n<\/div>\n<\/div><\/div><\/div><div id=\"pgc-10314-0-2\"  class=\"panel-grid-cell\" ><div id=\"panel-10314-0-2-0\" class=\"so-panel widget widget_sow-editor panel-first-child panel-last-child\" data-index=\"1\" ><div\n\t\t\t\n\t\t\tclass=\"so-widget-sow-editor so-widget-sow-editor-base\"\n\t\t\t\n\t\t>\n<div class=\"siteorigin-widget-tinymce textwidget\">\n\t<p>&nbsp;<\/p>\n<h4 style=\"text-align: center;\"><strong>Panorama, retos y oportunidades. Expandiendo horizontes en la educaci\u00f3n<\/strong><\/h4>\n<hr \/>\n<p><strong>Expositor:<\/strong><\/p>\n<p><strong>M\u00e1ster Marcela Morales<br \/>\n<\/strong>Co-Directora Ejecutiva Interina de Open Education Global<\/p>\n<hr \/>\n<p><span style=\"font-size: 14pt;\"><strong>Fecha<\/strong>: <b>27 de junio,\u00a0<\/b><\/span><\/p>\n<p><span style=\"font-size: 14pt;\"><strong>Hora<\/strong>: <b>17:00 - 18:00 hrs (CDMX).<\/b><\/span><\/p>\n<p style=\"text-align: center;\">\n<p style=\"text-align: center;\">\n<\/div>\n<\/div><\/div><\/div><div id=\"pgc-10314-0-3\"  class=\"panel-grid-cell\" ><div id=\"panel-10314-0-3-0\" class=\"so-panel widget widget_sow-editor panel-first-child panel-last-child\" data-index=\"2\" ><div\n\t\t\t\n\t\t\tclass=\"so-widget-sow-editor so-widget-sow-editor-base\"\n\t\t\t\n\t\t><h3 class=\"widget-title\">Temporadas<\/h3>\n<div class=\"siteorigin-widget-tinymce textwidget\">\n\t<p style=\"text-align: center;\"><a class=\"fasc-button fasc-size-medium fasc-type-flat fasc-rounded-medium fasc-ico-before dashicons-admin-users\" style=\"background-color: #3460b3; color: #ffffff;\" href=\"https:\/\/anuies-tic.anuies.mx\/web\/seminario-gestion-de-la-tecnologia-educativa-t5\">Temporada 5<\/a><\/p>\n<p style=\"text-align: center;\"><a class=\"fasc-button fasc-size-medium fasc-type-flat fasc-rounded-medium fasc-ico-before dashicons-admin-users\" style=\"background-color: #63339e; color: #ffffff;\" href=\"https:\/\/anuies-tic.anuies.mx\/web\/seminario-gestion-de-la-tecnologia-educativa-t4\/\">Temporada 4<\/a><\/p>\n<p style=\"text-align: center;\"><a class=\"fasc-button fasc-size-medium fasc-type-flat fasc-rounded-medium fasc-ico-before dashicons-admin-users\" style=\"background-color: #9e336a; color: #ffffff;\" href=\"https:\/\/anuies-tic.anuies.mx\/web\/seminario-gestion-de-la-tecnologia-educativa-t3\/\">Temporada 3<\/a><\/p>\n<p style=\"text-align: center;\"><a class=\"fasc-button fasc-size-medium fasc-type-flat fasc-rounded-medium fasc-ico-before dashicons-admin-users\" style=\"background-color: #33809e; color: #ffffff;\" target=\"_blank\" rel=\"noopener\" href=\"https:\/\/anuies-tic.anuies.mx\/web\/blog\/seminario-te-temporada-2\/\">Temporada 2<\/a><\/p>\n<p style=\"text-align: center;\"><a class=\"fasc-button fasc-size-medium fasc-type-flat fasc-rounded-medium fasc-ico-before dashicons-admin-users\" style=\"background-color: #339e75; color: #ffffff;\" target=\"_blank\" rel=\"noopener\" href=\"https:\/\/anuies-tic.anuies.mx\/web\/blog\/seminario-te-temporada-1\/\">Temporada 1<\/a><\/p>\n<\/div>\n<\/div><\/div><\/div><\/div><\/div><div id=\"pg-10314-1\"  class=\"panel-grid panel-has-style\" ><div class=\"siteorigin-panels-stretch panel-row-style panel-row-style-for-10314-1\" data-stretch-type=\"full-width-stretch\" ><div id=\"pgc-10314-1-0\"  class=\"panel-grid-cell panel-grid-cell-empty\" ><\/div><div id=\"pgc-10314-1-1\"  class=\"panel-grid-cell\" ><div id=\"panel-10314-1-1-0\" class=\"so-panel widget widget_sow-editor panel-first-child panel-last-child\" data-index=\"3\" ><div\n\t\t\t\n\t\t\tclass=\"so-widget-sow-editor so-widget-sow-editor-base\"\n\t\t\t\n\t\t><h3 class=\"widget-title\">Sesi\u00f3n 2<\/h3>\n<div class=\"siteorigin-widget-tinymce textwidget\">\n\t<p><iframe loading=\"lazy\" title=\"Sociedad de la Imaginaci\u00f3n futuro del aprendizaje\" width=\"720\" height=\"540\" src=\"https:\/\/www.youtube.com\/embed\/rDKiJbjXq6Q?feature=oembed\" frameborder=\"0\" allow=\"accelerometer; autoplay; clipboard-write; encrypted-media; gyroscope; picture-in-picture; web-share\" referrerpolicy=\"strict-origin-when-cross-origin\" allowfullscreen><\/iframe><\/p>\n<\/div>\n<\/div><\/div><\/div><div id=\"pgc-10314-1-2\"  class=\"panel-grid-cell panel-grid-cell-mobile-last\" ><div id=\"panel-10314-1-2-0\" class=\"so-panel widget widget_sow-editor panel-first-child panel-last-child\" data-index=\"4\" ><div\n\t\t\t\n\t\t\tclass=\"so-widget-sow-editor so-widget-sow-editor-base\"\n\t\t\t\n\t\t>\n<div class=\"siteorigin-widget-tinymce textwidget\">\n\t<p>&nbsp;<\/p>\n<p>&nbsp;<\/p>\n<h5 style=\"text-align: center;\"><strong>Sociedad de la Imaginaci\u00f3n futuro del aprendizaje<\/strong><\/h5>\n<hr \/>\n<p><strong>Expositor:<\/strong><\/p>\n<p><b>Dr. Germ\u00e1n Escorcia Saldarriaga<br \/>\n<\/b><i>Director de Innovaci\u00f3n en Virtual-Educa<\/i><\/p>\n<hr \/>\n<p><span style=\"font-size: 14pt;\"><strong>Fecha<\/strong>: <b>Jueves 06 de junio,\u00a0<\/b><\/span><\/p>\n<p><span style=\"font-size: 14pt;\"><strong>Hora<\/strong>: <b>17:00 - 18:00 hrs (CDMX).<\/b><\/span><\/p>\n<p style=\"text-align: center;\">\n<\/div>\n<\/div><\/div><\/div><div id=\"pgc-10314-1-3\"  class=\"panel-grid-cell panel-grid-cell-empty\" ><\/div><\/div><\/div><div id=\"pg-10314-2\"  class=\"panel-grid panel-has-style\" ><div class=\"siteorigin-panels-stretch panel-row-style panel-row-style-for-10314-2\" data-stretch-type=\"full-width-stretch\" ><div id=\"pgc-10314-2-0\"  class=\"panel-grid-cell panel-grid-cell-empty\" ><\/div><div id=\"pgc-10314-2-1\"  class=\"panel-grid-cell\" ><div id=\"panel-10314-2-1-0\" class=\"so-panel widget widget_sow-editor panel-first-child panel-last-child\" data-index=\"5\" ><div\n\t\t\t\n\t\t\tclass=\"so-widget-sow-editor so-widget-sow-editor-base\"\n\t\t\t\n\t\t><h3 class=\"widget-title\">Sesi\u00f3n 1<\/h3>\n<div class=\"siteorigin-widget-tinymce textwidget\">\n\t<p><iframe loading=\"lazy\" title=\"Cultura digital y ciudadan\u00eda en tiempos electorales: Desinformaci\u00f3n, alucinaciones\" width=\"720\" height=\"405\" src=\"https:\/\/www.youtube.com\/embed\/v76S3JXhUZk?feature=oembed\" frameborder=\"0\" allow=\"accelerometer; autoplay; clipboard-write; encrypted-media; gyroscope; picture-in-picture; web-share\" referrerpolicy=\"strict-origin-when-cross-origin\" allowfullscreen><\/iframe><\/p>\n<\/div>\n<\/div><\/div><\/div><div id=\"pgc-10314-2-2\"  class=\"panel-grid-cell panel-grid-cell-mobile-last\" ><div id=\"panel-10314-2-2-0\" class=\"so-panel widget widget_sow-editor panel-first-child panel-last-child\" data-index=\"6\" ><div\n\t\t\t\n\t\t\tclass=\"so-widget-sow-editor so-widget-sow-editor-base\"\n\t\t\t\n\t\t>\n<div class=\"siteorigin-widget-tinymce textwidget\">\n\t<p>&nbsp;<\/p>\n<p>&nbsp;<\/p>\n<h5 style=\"text-align: center;\"><strong>\u00a0Cultura digital y ciudadan\u00eda en tiempos electorales: Desinformaci\u00f3n, alucinaciones y 'sentido com\u00fan' en el mundo espejo<\/strong><\/h5>\n<hr \/>\n<p><strong><b><span lang=\"EN-US\">Expositor:<\/span><\/b><\/strong><\/p>\n<p><strong>Dr. Michael Hoechsmann<\/strong><br \/>\nLakehead University (Canad\u00e1)<\/p>\n<hr \/>\n<p><span style=\"font-size: 14pt;\"><strong>Fecha<\/strong>: 23 de mayo <\/span><\/p>\n<p><span style=\"font-size: 14pt;\"><strong>Hora<\/strong>: 17:00\u00a0 a 18:00 hrs\u00a0 (CDMX)<\/span><\/p>\n<p style=\"text-align: center;\">\n<\/div>\n<\/div><\/div><\/div><div id=\"pgc-10314-2-3\"  class=\"panel-grid-cell panel-grid-cell-empty\" ><\/div><\/div><\/div><div id=\"pg-10314-3\"  class=\"panel-grid panel-has-style\" ><div class=\"siteorigin-panels-stretch panel-row-style panel-row-style-for-10314-3\" data-stretch-type=\"full-width-stretch\" ><div id=\"pgc-10314-3-0\"  class=\"panel-grid-cell panel-grid-cell-empty\" ><\/div><div id=\"pgc-10314-3-1\"  class=\"panel-grid-cell\" ><div id=\"panel-10314-3-1-0\" class=\"so-panel widget widget_sow-editor panel-first-child panel-last-child\" data-index=\"7\" ><div\n\t\t\t\n\t\t\tclass=\"so-widget-sow-editor so-widget-sow-editor-base\"\n\t\t\t\n\t\t><h3 class=\"widget-title\">5to Aniversario del Grupo de Tecnoog\u00eda Educativa<\/h3>\n<div class=\"siteorigin-widget-tinymce textwidget\">\n\t<p><iframe loading=\"lazy\" title=\"ANUIES TIC TE Quinto Aniversario: Entre la innovaci\u00f3n y la disrupci\u00f3n\" width=\"720\" height=\"540\" src=\"https:\/\/www.youtube.com\/embed\/MmBqt1TexyA?start=10906&feature=oembed\" frameborder=\"0\" allow=\"accelerometer; autoplay; clipboard-write; encrypted-media; gyroscope; picture-in-picture; web-share\" referrerpolicy=\"strict-origin-when-cross-origin\" allowfullscreen><\/iframe><\/p>\n<\/div>\n<\/div><\/div><\/div><div id=\"pgc-10314-3-2\"  class=\"panel-grid-cell panel-grid-cell-mobile-last\" ><div id=\"panel-10314-3-2-0\" class=\"so-panel widget widget_sow-editor panel-first-child panel-last-child\" data-index=\"8\" ><div\n\t\t\t\n\t\t\tclass=\"so-widget-sow-editor so-widget-sow-editor-base\"\n\t\t\t\n\t\t>\n<div class=\"siteorigin-widget-tinymce textwidget\">\n\t<p>&nbsp;<\/p>\n<p><span style=\"font-size: 14pt;\">\u00a1Celebramos 5 a\u00f1os de innovaci\u00f3n y progreso en tecnolog\u00eda educativa!<\/span><\/p>\n<p>&nbsp;<\/p>\n<div class=\"x11i5rnm xat24cr x1mh8g0r x1vvkbs xtlvy1s x126k92a\">\n<div dir=\"auto\"><span style=\"font-size: 14pt;\">\u00danete a nosotros en el aniversario del Grupo de Gesti\u00f3n de la Tecnolog\u00eda Educativa y disfruta de un evento lleno de conocimiento.<\/span><\/div>\n<div dir=\"auto\"><\/div>\n<\/div>\n<div class=\"x11i5rnm xat24cr x1mh8g0r x1vvkbs xtlvy1s x126k92a\">\n<div dir=\"auto\"><span style=\"font-size: 14pt;\"><strong>Fecha:<\/strong> 17 de junio<\/span><\/div>\n<div dir=\"auto\"><span style=\"font-size: 14pt;\"><strong>Hora<\/strong>: 11:00 h.<\/span><\/div>\n<\/div>\n<\/div>\n<\/div><\/div><\/div><div id=\"pgc-10314-3-3\"  class=\"panel-grid-cell panel-grid-cell-empty\" ><\/div><\/div><\/div><\/div>","protected":false},"excerpt":{"rendered":"<p>https:\/\/youtu.be\/84dKvTUC_9Q &nbsp; Panorama, retos y oportunidades. Expandiendo horizontes en la educaci\u00f3n Expositor: M\u00e1ster Marcela Morales Co-Directora Ejecutiva Interina de Open Education Global Fecha: 27 de junio,\u00a0 Hora: 17:00 &#8211; 18:00 hrs (CDMX). Temporada 5 Temporada 4 Temporada 3 Temporada 2 Temporada 1 https:\/\/youtu.be\/rDKiJbjXq6Q &nbsp; &nbsp; Sociedad de la Imaginaci\u00f3n futuro del aprendizaje Expositor: Dr. Germ\u00e1n [&hellip;]<\/p>\n","protected":false},"author":1,"featured_media":0,"parent":0,"menu_order":0,"comment_status":"closed","ping_status":"closed","template":"templates\/template-full.php","meta":{"_mc_calendar":[],"footnotes":""},"class_list":["post-10314","page","type-page","status-publish","hentry","post"],"rttpg_featured_image_url":null,"rttpg_author":{"display_name":"ctrlweb","author_link":"https:\/\/anuies-tic.anuies.mx\/web\/author\/ctrldcsctrlweb\/"},"rttpg_comment":0,"rttpg_category":null,"rttpg_excerpt":"https:\/\/youtu.be\/84dKvTUC_9Q &nbsp; Panorama, retos y oportunidades. Expandiendo horizontes en la educaci\u00f3n Expositor: M\u00e1ster Marcela Morales Co-Directora Ejecutiva Interina de Open Education Global Fecha: 27 de junio,\u00a0 Hora: 17:00 - 18:00 hrs (CDMX). Temporada 5 Temporada 4 Temporada 3 Temporada 2 Temporada 1 https:\/\/youtu.be\/rDKiJbjXq6Q &nbsp; &nbsp; Sociedad de la Imaginaci\u00f3n futuro del aprendizaje Expositor: Dr. Germ\u00e1n&hellip;","_links":{"self":[{"href":"https:\/\/anuies-tic.anuies.mx\/web\/wp-json\/wp\/v2\/pages\/10314","targetHints":{"allow":["GET"]}}],"collection":[{"href":"https:\/\/anuies-tic.anuies.mx\/web\/wp-json\/wp\/v2\/pages"}],"about":[{"href":"https:\/\/anuies-tic.anuies.mx\/web\/wp-json\/wp\/v2\/types\/page"}],"author":[{"embeddable":true,"href":"https:\/\/anuies-tic.anuies.mx\/web\/wp-json\/wp\/v2\/users\/1"}],"replies":[{"embeddable":true,"href":"https:\/\/anuies-tic.anuies.mx\/web\/wp-json\/wp\/v2\/comments?post=10314"}],"version-history":[{"count":19,"href":"https:\/\/anuies-tic.anuies.mx\/web\/wp-json\/wp\/v2\/pages\/10314\/revisions"}],"predecessor-version":[{"id":10515,"href":"https:\/\/anuies-tic.anuies.mx\/web\/wp-json\/wp\/v2\/pages\/10314\/revisions\/10515"}],"wp:attachment":[{"href":"https:\/\/anuies-tic.anuies.mx\/web\/wp-json\/wp\/v2\/media?parent=10314"}],"curies":[{"name":"wp","href":"https:\/\/api.w.org\/{rel}","templated":true}]}}