{"id":7831,"date":"2021-06-09T13:08:54","date_gmt":"2021-06-09T19:08:54","guid":{"rendered":"https:\/\/anuies-tic.anuies.mx\/web\/?page_id=7831"},"modified":"2021-10-14T08:19:00","modified_gmt":"2021-10-14T14:19:00","slug":"seminario-gestion-financiera","status":"publish","type":"page","link":"https:\/\/anuies-tic.anuies.mx\/web\/seminario-gestion-financiera\/","title":{"rendered":"Seminario: Administraci\u00f3n y Gesti\u00f3n Financiera"},"content":{"rendered":"<div id=\"pl-7831\"  class=\"panel-layout\" ><div id=\"pg-7831-0\"  class=\"panel-grid panel-has-style\" ><div class=\"siteorigin-panels-stretch panel-row-style panel-row-style-for-7831-0\" data-stretch-type=\"full-stretched\" ><div id=\"pgc-7831-0-0\"  class=\"panel-grid-cell panel-grid-cell-empty\" ><\/div><div id=\"pgc-7831-0-1\"  class=\"panel-grid-cell\" ><div id=\"panel-7831-0-1-0\" class=\"so-panel widget widget_sow-editor panel-first-child panel-last-child\" data-index=\"0\" ><div\n\t\t\t\n\t\t\tclass=\"so-widget-sow-editor so-widget-sow-editor-base\"\n\t\t\t\n\t\t><h3 class=\"widget-title\">Sesi\u00f3n 11: \u201cAuditor\u00edas Digitales\" alcances de la reforma a la Ley de Fiscalizaci\u00f3n y Rendici\u00f3n de cuentas de la Federaci\u00f3n.<\/h3>\n<div class=\"siteorigin-widget-tinymce textwidget\">\n\t<p><img loading=\"lazy\" decoding=\"async\" class=\"aligncenter size-full wp-image-8531\" src=\"https:\/\/anuies-tic.anuies.mx\/web\/wp-content\/uploads\/2021\/10\/difusion-banner.jpeg\" alt=\"\" width=\"1280\" height=\"1228\" srcset=\"https:\/\/anuies-tic.anuies.mx\/web\/wp-content\/uploads\/2021\/10\/difusion-banner.jpeg 1280w, https:\/\/anuies-tic.anuies.mx\/web\/wp-content\/uploads\/2021\/10\/difusion-banner-300x288.jpeg 300w, https:\/\/anuies-tic.anuies.mx\/web\/wp-content\/uploads\/2021\/10\/difusion-banner-1024x982.jpeg 1024w, https:\/\/anuies-tic.anuies.mx\/web\/wp-content\/uploads\/2021\/10\/difusion-banner-768x737.jpeg 768w\" sizes=\"auto, (max-width: 1280px) 100vw, 1280px\" \/><\/p>\n<\/div>\n<\/div><\/div><\/div><div id=\"pgc-7831-0-2\"  class=\"panel-grid-cell panel-grid-cell-mobile-last\" ><div id=\"panel-7831-0-2-0\" class=\"so-panel widget widget_sow-editor panel-first-child panel-last-child\" data-index=\"1\" ><div\n\t\t\t\n\t\t\tclass=\"so-widget-sow-editor so-widget-sow-editor-base\"\n\t\t\t\n\t\t>\n<div class=\"siteorigin-widget-tinymce textwidget\">\n\t<p>&nbsp;<\/p>\n<p><a name=\"sesion9\"><\/a><br \/>\n<span style=\"font-size: 14pt; font-family: helvetica, arial, sans-serif;\"><strong>Expositor:<\/strong><\/span><\/p>\n<p>&nbsp;<\/p>\n<p><span style=\"font-size: 14.0pt; font-family: 'Helvetica',sans-serif;\">Mtro. Emilio Barriga Delgado, Auditor Especial del Gasto Federalizado de la Auditor\u00eda Superior de la Federaci\u00f3n.<\/span><\/p>\n<p><span style=\"font-size: 14pt; font-family: helvetica, arial, sans-serif;\"><strong>Fecha:<\/strong> 19 de octubre, 10:00 am. (CDMX)<\/span><\/p>\n<p style=\"text-align: center;\">&nbsp;<\/p>\n<p style=\"text-align: center;\"><a class=\"fasc-button fasc-size-large fasc-type-flat fasc-rounded-medium fasc-style-bold\" style=\"background-color: #33809e; color: #ffffff;\" target=\"_blank\" href=\"http:\/\/eventos.anuies.mx\/go\/AyGF-S11-15\" rel=\"noopener\">Registro<\/a><\/p>\n<\/div>\n<\/div><\/div><\/div><div id=\"pgc-7831-0-3\"  class=\"panel-grid-cell panel-grid-cell-empty\" ><\/div><\/div><\/div><div id=\"pg-7831-1\"  class=\"panel-grid panel-has-style\" ><div class=\"siteorigin-panels-stretch panel-row-style panel-row-style-for-7831-1\" data-stretch-type=\"full-stretched\" ><div id=\"pgc-7831-1-0\"  class=\"panel-grid-cell panel-grid-cell-empty\" ><\/div><div id=\"pgc-7831-1-1\"  class=\"panel-grid-cell\" ><div id=\"panel-7831-1-1-0\" class=\"so-panel widget widget_sow-editor panel-first-child panel-last-child\" data-index=\"2\" ><div\n\t\t\t\n\t\t\tclass=\"so-widget-sow-editor so-widget-sow-editor-base\"\n\t\t\t\n\t\t><h3 class=\"widget-title\">Sesi\u00f3n 10: Madurez en los Sistemas Administrativos en la Universidad, caso de la Universidad Ju\u00e1rez Aut\u00f3noma de Tabasco<\/h3>\n<div class=\"siteorigin-widget-tinymce textwidget\">\n\t<p><iframe loading=\"lazy\" title=\"YouTube video player\" src=\"https:\/\/www.youtube.com\/embed\/CPlg8RtNbag\" width=\"560\" height=\"315\" frameborder=\"0\" allowfullscreen=\"allowfullscreen\"><\/iframe><\/p>\n<\/div>\n<\/div><\/div><\/div><div id=\"pgc-7831-1-2\"  class=\"panel-grid-cell panel-grid-cell-mobile-last\" ><div id=\"panel-7831-1-2-0\" class=\"so-panel widget widget_sow-editor panel-first-child panel-last-child\" data-index=\"3\" ><div\n\t\t\t\n\t\t\tclass=\"so-widget-sow-editor so-widget-sow-editor-base\"\n\t\t\t\n\t\t>\n<div class=\"siteorigin-widget-tinymce textwidget\">\n\t<p>&nbsp;<\/p>\n<p><a name=\"sesion9\"><\/a><br \/>\n<span style=\"font-size: 14pt; font-family: helvetica, arial, sans-serif;\"><strong>Expositor:<\/strong><\/span><\/p>\n<p>&nbsp;<\/p>\n<p><strong><span style=\"font-size: 14pt;\">Ing. Benjam\u00edn Mart\u00ednez Ram\u00edrez<\/span><\/strong><br \/>\n<span style=\"font-size: 14pt;\"> Director de Tecnolog\u00edas de Informaci\u00f3n e Innovaci\u00f3n de la Universidad Ju\u00e1rez Aut\u00f3noma de Tabasco.<\/span><\/p>\n<p><span style=\"font-size: 14pt; font-family: helvetica, arial, sans-serif;\"><strong>Fecha:<\/strong> 5 de octubre, 10:00\u00a0 h. (CDMX)<\/span><\/p>\n<\/div>\n<\/div><\/div><\/div><div id=\"pgc-7831-1-3\"  class=\"panel-grid-cell panel-grid-cell-empty\" ><\/div><\/div><\/div><div id=\"pg-7831-2\"  class=\"panel-grid panel-has-style\" ><div class=\"siteorigin-panels-stretch panel-row-style panel-row-style-for-7831-2\" data-stretch-type=\"full-stretched\" ><div id=\"pgc-7831-2-0\"  class=\"panel-grid-cell panel-grid-cell-empty\" ><\/div><div id=\"pgc-7831-2-1\"  class=\"panel-grid-cell\" ><div id=\"panel-7831-2-1-0\" class=\"so-panel widget widget_sow-editor panel-first-child panel-last-child\" data-index=\"4\" ><div\n\t\t\t\n\t\t\tclass=\"so-widget-sow-editor so-widget-sow-editor-base\"\n\t\t\t\n\t\t><h3 class=\"widget-title\">Sesi\u00f3n 9: Beneficios de la miner\u00eda de datos y cubos multidimensionales, con la metodolog\u00eda del Cuadro de Mando Integral<\/h3>\n<div class=\"siteorigin-widget-tinymce textwidget\">\n\t<p><iframe loading=\"lazy\" width=\"560\" height=\"315\" src=\"https:\/\/www.youtube.com\/embed\/9orUvMXWNlA\" title=\"YouTube video player\" frameborder=\"0\" allow=\"accelerometer; autoplay; clipboard-write; encrypted-media; gyroscope; picture-in-picture\" allowfullscreen><\/iframe><\/p>\n<\/div>\n<\/div><\/div><\/div><div id=\"pgc-7831-2-2\"  class=\"panel-grid-cell panel-grid-cell-mobile-last\" ><div id=\"panel-7831-2-2-0\" class=\"so-panel widget widget_sow-editor panel-first-child panel-last-child\" data-index=\"5\" ><div\n\t\t\t\n\t\t\tclass=\"so-widget-sow-editor so-widget-sow-editor-base\"\n\t\t\t\n\t\t>\n<div class=\"siteorigin-widget-tinymce textwidget\">\n\t<p><a name=\"sesion9\"><\/a><br \/>\n<span style=\"font-size: 14pt; font-family: helvetica, arial, sans-serif;\"><strong>Expositor: <\/strong><\/span><\/p>\n<p><span style=\"font-family: helvetica, arial, sans-serif; font-size: 14pt;\"><strong>Mtro. <\/strong><strong>Francisco Gerardo Cuellar Hern\u00e1ndez, <\/strong>Master en Computaci\u00f3n Aplicada.<\/span><\/p>\n<p><span style=\"font-family: helvetica, arial, sans-serif; font-size: 14pt;\">Profesor Investigador Tiempo Completo Titular \u201cC\u201d del Centro Universitario de Ciencias Exactas e Ingenier\u00eda, Universidad de Guadalajara.<\/span><\/p>\n<p><span style=\"font-size: 14pt; font-family: helvetica, arial, sans-serif;\"><strong>Fecha:<\/strong> 24 de agosto, 10:30\u00a0 hrs (CDMX)<\/span><\/p>\n<p>&nbsp;<\/p>\n<p style=\"text-align: center;\">\n<p style=\"text-align: center;\">\n<\/div>\n<\/div><\/div><\/div><div id=\"pgc-7831-2-3\"  class=\"panel-grid-cell panel-grid-cell-empty\" ><\/div><\/div><\/div><div id=\"pg-7831-3\"  class=\"panel-grid panel-has-style\" ><div class=\"siteorigin-panels-stretch panel-row-style panel-row-style-for-7831-3\" data-stretch-type=\"full-stretched\" ><div id=\"pgc-7831-3-0\"  class=\"panel-grid-cell panel-grid-cell-empty\" ><\/div><div id=\"pgc-7831-3-1\"  class=\"panel-grid-cell\" ><div id=\"panel-7831-3-1-0\" class=\"so-panel widget widget_sow-editor panel-first-child panel-last-child\" data-index=\"6\" ><div\n\t\t\t\n\t\t\tclass=\"so-widget-sow-editor so-widget-sow-editor-base\"\n\t\t\t\n\t\t><h3 class=\"widget-title\">Sesi\u00f3n 8: Auditorias Digitales<\/h3>\n<div class=\"siteorigin-widget-tinymce textwidget\">\n\t<p><iframe loading=\"lazy\" title=\"YouTube video player\" src=\"https:\/\/www.youtube.com\/embed\/-zGfFCdbuJ4\" width=\"560\" height=\"315\" frameborder=\"0\" allowfullscreen=\"allowfullscreen\"><\/iframe><\/p>\n<\/div>\n<\/div><\/div><\/div><div id=\"pgc-7831-3-2\"  class=\"panel-grid-cell panel-grid-cell-mobile-last\" ><div id=\"panel-7831-3-2-0\" class=\"so-panel widget widget_sow-editor panel-first-child panel-last-child\" data-index=\"7\" ><div\n\t\t\t\n\t\t\tclass=\"so-widget-sow-editor so-widget-sow-editor-base\"\n\t\t\t\n\t\t>\n<div class=\"siteorigin-widget-tinymce textwidget\">\n\t<p><a name=\"sesion8\"><\/a><br \/>\n<span style=\"font-size: 14pt;\"><strong>Expositor: <\/strong><\/span><\/p>\n<p><span style=\"font-size: 14pt;\">Mtro. Emilio Barriga Delgado,<br \/>\nAuditor Especial del Gasto Federalizado<\/span><\/p>\n<p><span style=\"font-size: 14pt;\"><strong>Fecha:<\/strong> 20 de agosto, 11:00\u00a0 hrs (CDMX)<\/span><\/p>\n<p>&nbsp;<\/p>\n<p style=\"text-align: center;\">\n<p style=\"text-align: center;\">\n<\/div>\n<\/div><\/div><\/div><div id=\"pgc-7831-3-3\"  class=\"panel-grid-cell panel-grid-cell-empty\" ><\/div><\/div><\/div><div id=\"pg-7831-4\"  class=\"panel-grid panel-has-style\" ><div class=\"siteorigin-panels-stretch panel-row-style panel-row-style-for-7831-4\" data-stretch-type=\"full-stretched\" ><div id=\"pgc-7831-4-0\"  class=\"panel-grid-cell panel-grid-cell-empty\" ><\/div><div id=\"pgc-7831-4-1\"  class=\"panel-grid-cell\" ><div id=\"panel-7831-4-1-0\" class=\"so-panel widget widget_sow-editor panel-first-child panel-last-child\" data-index=\"8\" ><div\n\t\t\t\n\t\t\tclass=\"so-widget-sow-editor so-widget-sow-editor-base\"\n\t\t\t\n\t\t><h3 class=\"widget-title\">Sesi\u00f3n 7: Como desarrollar proyectos y generar oportunidades para la comunidad universitaria<\/h3>\n<div class=\"siteorigin-widget-tinymce textwidget\">\n\t<p><iframe loading=\"lazy\" title=\"YouTube video player\" src=\"https:\/\/www.youtube.com\/embed\/GjPxHnRHvaM\" width=\"560\" height=\"315\" frameborder=\"0\" allowfullscreen=\"allowfullscreen\"><\/iframe><\/p>\n<\/div>\n<\/div><\/div><\/div><div id=\"pgc-7831-4-2\"  class=\"panel-grid-cell panel-grid-cell-mobile-last\" ><div id=\"panel-7831-4-2-0\" class=\"so-panel widget widget_sow-editor panel-first-child panel-last-child\" data-index=\"9\" ><div\n\t\t\t\n\t\t\tclass=\"so-widget-sow-editor so-widget-sow-editor-base\"\n\t\t\t\n\t\t>\n<div class=\"siteorigin-widget-tinymce textwidget\">\n\t<p><a name=\"sesion7\"><\/a><br \/>\n<span style=\"font-size: 14pt;\"><strong>Expositor: <\/strong><\/span><\/p>\n<p><span style=\"font-size: 14pt;\">Arturo Cherbowski Lask<\/span><br \/>\n<span style=\"font-size: 14pt;\">Director Ejecutivo de Santander Universidades y Director General de Universia M\u00e9xico.<\/span><\/p>\n<p><span style=\"font-size: 14pt;\"><strong>Fecha:<\/strong> 19 de agosto, 12:00\u00a0 hrs (CDMX)<\/span><\/p>\n<p style=\"text-align: center;\">\n<\/div>\n<\/div><\/div><\/div><div id=\"pgc-7831-4-3\"  class=\"panel-grid-cell panel-grid-cell-empty\" ><\/div><\/div><\/div><div id=\"pg-7831-5\"  class=\"panel-grid panel-has-style\" ><div class=\"siteorigin-panels-stretch panel-row-style panel-row-style-for-7831-5\" data-stretch-type=\"full-stretched\" ><div id=\"pgc-7831-5-0\"  class=\"panel-grid-cell panel-grid-cell-empty\" ><\/div><div id=\"pgc-7831-5-1\"  class=\"panel-grid-cell\" ><div id=\"panel-7831-5-1-0\" class=\"so-panel widget widget_sow-editor panel-first-child panel-last-child\" data-index=\"10\" ><div\n\t\t\t\n\t\t\tclass=\"so-widget-sow-editor so-widget-sow-editor-base\"\n\t\t\t\n\t\t><h3 class=\"widget-title\">Sesi\u00f3n 6:Experiencia en la conservaci\u00f3n digital de car\u00e1cter acad\u00e9mico destinado para el almacenamiento, la organizaci\u00f3n, la preservaci\u00f3n de documentos universitarios<\/h3>\n<div class=\"siteorigin-widget-tinymce textwidget\">\n\t<p><iframe loading=\"lazy\" width=\"560\" height=\"315\" src=\"https:\/\/www.youtube.com\/embed\/WMW0dWRCQ-U\" title=\"YouTube video player\" frameborder=\"0\" allow=\"accelerometer; autoplay; clipboard-write; encrypted-media; gyroscope; picture-in-picture\" allowfullscreen><\/iframe><\/p>\n<\/div>\n<\/div><\/div><\/div><div id=\"pgc-7831-5-2\"  class=\"panel-grid-cell panel-grid-cell-mobile-last\" ><div id=\"panel-7831-5-2-0\" class=\"so-panel widget widget_sow-editor panel-first-child panel-last-child\" data-index=\"11\" ><div\n\t\t\t\n\t\t\tclass=\"so-widget-sow-editor so-widget-sow-editor-base\"\n\t\t\t\n\t\t>\n<div class=\"siteorigin-widget-tinymce textwidget\">\n\t<p>&nbsp;<\/p>\n<p>&nbsp;<\/p>\n<p><span style=\"font-size: 14pt;\"><strong>Expositores: <\/strong><\/span><\/p>\n<ul>\n<li><span style=\"font-size: 14pt;\">Ing. Ariana Mar\u00eda Garc\u00eda,<br \/>\nDirectora de la Direcci\u00f3n de Sistemas de Informaci\u00f3n de la Universidad Aut\u00f3noma del Estado de Morelos. <\/span><\/li>\n<li><span style=\"font-size: 14pt;\">Mtro. Juan Miguel Mialma,<br \/>\nDirector de Sistemas Acad\u00e9micos de la Universidad Aut\u00f3noma del Estado de Morelos. <\/span><\/li>\n<li><span style=\"font-size: 14pt;\">Mtro. Miguel Cordova,<br \/>\nDirector de Plataformas Tecnol\u00f3gicas de la Universidad Aut\u00f3noma del Estado de Morelos.<\/span><\/li>\n<\/ul>\n<p><span style=\"font-size: 14pt;\"><strong>Fecha:<\/strong> 15 de julio, 10:00\u00a0 hrs (CDMX)<\/span><\/p>\n<p>&nbsp;<\/p>\n<p style=\"text-align: center;\">\n<p>&nbsp;<\/p>\n<p style=\"text-align: center;\">\n<\/div>\n<\/div><\/div><\/div><div id=\"pgc-7831-5-3\"  class=\"panel-grid-cell panel-grid-cell-empty\" ><\/div><\/div><\/div><div id=\"pg-7831-6\"  class=\"panel-grid panel-has-style\" ><div class=\"siteorigin-panels-stretch panel-row-style panel-row-style-for-7831-6\" data-stretch-type=\"full-stretched\" ><div id=\"pgc-7831-6-0\"  class=\"panel-grid-cell panel-grid-cell-empty\" ><\/div><div id=\"pgc-7831-6-1\"  class=\"panel-grid-cell\" ><div id=\"panel-7831-6-1-0\" class=\"so-panel widget widget_sow-editor panel-first-child panel-last-child\" data-index=\"12\" ><div\n\t\t\t\n\t\t\tclass=\"so-widget-sow-editor so-widget-sow-editor-base\"\n\t\t\t\n\t\t><h3 class=\"widget-title\">Sesi\u00f3n 5:Uso del BSC como herramienta de an\u00e1lisis para la gesti\u00f3n universitaria<\/h3>\n<div class=\"siteorigin-widget-tinymce textwidget\">\n\t<p><iframe loading=\"lazy\" title=\"YouTube video player\" src=\"https:\/\/www.youtube.com\/embed\/Vbdc61YXQAE\" width=\"560\" height=\"315\" frameborder=\"0\" allowfullscreen=\"allowfullscreen\"><\/iframe><\/p>\n<\/div>\n<\/div><\/div><\/div><div id=\"pgc-7831-6-2\"  class=\"panel-grid-cell panel-grid-cell-mobile-last\" ><div id=\"panel-7831-6-2-0\" class=\"so-panel widget widget_sow-editor panel-first-child panel-last-child\" data-index=\"13\" ><div\n\t\t\t\n\t\t\tclass=\"so-widget-sow-editor so-widget-sow-editor-base\"\n\t\t\t\n\t\t>\n<div class=\"siteorigin-widget-tinymce textwidget\">\n\t<p>&nbsp;<\/p>\n<p><span style=\"font-size: 14pt;\"><strong>Expositor: <\/strong><\/span><\/p>\n<p><span style=\"font-size: 14pt;\"><strong>Dr. H\u00e9ctor Lozano, Director General en CoSphere Consulting Group<\/strong><\/span><\/p>\n<p><span style=\"font-size: 14pt;\"><strong>Fecha:<\/strong> 24 de junio, 10:00\u00a0 hrs (CDMX)<\/span><\/p>\n<p>&nbsp;<\/p>\n<p style=\"text-align: center;\">\n<\/div>\n<\/div><\/div><\/div><div id=\"pgc-7831-6-3\"  class=\"panel-grid-cell panel-grid-cell-empty\" ><\/div><\/div><\/div><div id=\"pg-7831-7\"  class=\"panel-grid panel-has-style\" ><div class=\"siteorigin-panels-stretch panel-row-style panel-row-style-for-7831-7\" data-stretch-type=\"full-stretched\" ><div id=\"pgc-7831-7-0\"  class=\"panel-grid-cell panel-grid-cell-empty\" ><\/div><div id=\"pgc-7831-7-1\"  class=\"panel-grid-cell\" ><div id=\"panel-7831-7-1-0\" class=\"so-panel widget widget_sow-editor panel-first-child panel-last-child\" data-index=\"14\" ><div\n\t\t\t\n\t\t\tclass=\"so-widget-sow-editor so-widget-sow-editor-base\"\n\t\t\t\n\t\t><h3 class=\"widget-title\">Sesi\u00f3n 4:Aspectos y alcances legales - tecnol\u00f3gicos de la Firma Electr\u00f3nica Avanzada en las IES<\/h3>\n<div class=\"siteorigin-widget-tinymce textwidget\">\n\t<p><iframe loading=\"lazy\" title=\"YouTube video player\" src=\"https:\/\/www.youtube.com\/embed\/ezcYM0vxrqc\" width=\"560\" height=\"315\" frameborder=\"0\" allowfullscreen=\"allowfullscreen\"><\/iframe><\/p>\n<\/div>\n<\/div><\/div><\/div><div id=\"pgc-7831-7-2\"  class=\"panel-grid-cell panel-grid-cell-mobile-last\" ><div id=\"panel-7831-7-2-0\" class=\"so-panel widget widget_sow-editor panel-first-child panel-last-child\" data-index=\"15\" ><div\n\t\t\t\n\t\t\tclass=\"so-widget-sow-editor so-widget-sow-editor-base\"\n\t\t\t\n\t\t>\n<div class=\"siteorigin-widget-tinymce textwidget\">\n\t<p>&nbsp;<\/p>\n<p>&nbsp;<\/p>\n<ul>\n<li><span style=\"font-size: 14pt;\"><strong>Mtra. Erika S\u00e1nchez Chabl\u00e9,<\/strong> Coordinadora General de Tecnolog\u00edas de Informaci\u00f3n y la Comunicaci\u00f3n (CGTIC), de la Universidad Aut\u00f3noma del Carmen (UNACAR).<\/span><\/li>\n<li><span style=\"font-size: 14pt;\"><strong>Dra. Mar\u00eda Candelaria Figueroa Guzm\u00e1n<\/strong>, Jefa de la Oficina de Relaciones Administrativas de la Secretar\u00eda General, de la Universidad Aut\u00f3noma del Carmen (UNACAR).<\/span><\/li>\n<li><span style=\"font-size: 14pt;\"><strong>Mtro. Ra\u00fal Arturo Peralta<\/strong>, Jefe del Departamento de Desarrollo de Sistemas, CGTIC, de la Universidad Aut\u00f3noma del Carmen (UNACAR).<\/span><\/li>\n<li><span style=\"font-size: 14pt;\"><strong>L.I. Ignacio S\u00e1nchez Zamudio<\/strong><strong>, <\/strong>Director General de Tecnolog\u00edas de Informaci\u00f3n y Comunicaci\u00f3n de la Universidad Aut\u00f3noma del Estado de Morelos (UAEM).<\/span><\/li>\n<\/ul>\n<p style=\"text-align: center;\"><span style=\"font-size: 14pt;\"><strong>Universidad Aut\u00f3noma del Carmen \/ Universidad Aut\u00f3noma del Estado de Morelos<\/strong><\/span><\/p>\n<p><span style=\"font-size: 14pt;\">Fecha: 16 de julio, 17:00 - 18:30 hrs (CDMX)<\/span><\/p>\n<p style=\"text-align: center;\">\n<\/div>\n<\/div><\/div><\/div><div id=\"pgc-7831-7-3\"  class=\"panel-grid-cell panel-grid-cell-empty\" ><\/div><\/div><\/div><div id=\"pg-7831-8\"  class=\"panel-grid panel-has-style\" ><div class=\"siteorigin-panels-stretch panel-row-style panel-row-style-for-7831-8\" data-stretch-type=\"full-stretched\" ><div id=\"pgc-7831-8-0\"  class=\"panel-grid-cell panel-grid-cell-empty\" ><\/div><div id=\"pgc-7831-8-1\"  class=\"panel-grid-cell\" ><div id=\"panel-7831-8-1-0\" class=\"so-panel widget widget_sow-editor panel-first-child panel-last-child\" data-index=\"16\" ><div\n\t\t\t\n\t\t\tclass=\"so-widget-sow-editor so-widget-sow-editor-base\"\n\t\t\t\n\t\t><h3 class=\"widget-title\">Sesi\u00f3n 3: FAM EN SU COMPONENTE DE INFRAESTRUCTURA EDUCATIVA<\/h3>\n<div class=\"siteorigin-widget-tinymce textwidget\">\n\t<p><iframe loading=\"lazy\" width=\"560\" height=\"315\" src=\"https:\/\/www.youtube.com\/embed\/m25LtjSy70U\" title=\"YouTube video player\" frameborder=\"0\" allow=\"accelerometer; autoplay; clipboard-write; encrypted-media; gyroscope; picture-in-picture\" allowfullscreen><\/iframe><\/p>\n<\/div>\n<\/div><\/div><\/div><div id=\"pgc-7831-8-2\"  class=\"panel-grid-cell panel-grid-cell-mobile-last\" ><div id=\"panel-7831-8-2-0\" class=\"so-panel widget widget_sow-editor panel-first-child panel-last-child\" data-index=\"17\" ><div\n\t\t\t\n\t\t\tclass=\"so-widget-sow-editor so-widget-sow-editor-base\"\n\t\t\t\n\t\t>\n<div class=\"siteorigin-widget-tinymce textwidget\">\n\t<p><span style=\"font-size: 14pt;\"><strong>Juan Manuel Arciniega<\/strong><\/span><\/p>\n<p><span style=\"font-size: 14pt;\">Universidad Ju\u00e1rez del Estado de Durango y Coordinador de la Comisi\u00f3n de Administraci\u00f3n y Gesti\u00f3n Financiera del Comit\u00e9 ANUIES-TIC<\/span><\/p>\n<p><span style=\"font-size: 14pt;\"><strong>Mtra. X\u00f3chitl Cruz J\u00e1qu\u00e9z<\/strong><\/span><\/p>\n<p><span style=\"font-size: 14pt;\">Universidad Ju\u00e1rez del Estado de Durango<\/span><\/p>\n<p><span style=\"font-size: 14pt;\"><strong>Fecha:<\/strong>\u00a009 junio 2021<\/span><\/p>\n<\/div>\n<\/div><\/div><\/div><div id=\"pgc-7831-8-3\"  class=\"panel-grid-cell panel-grid-cell-empty\" ><\/div><\/div><\/div><div id=\"pg-7831-9\"  class=\"panel-grid panel-has-style\" ><div class=\"siteorigin-panels-stretch panel-row-style panel-row-style-for-7831-9\" data-stretch-type=\"full-stretched\" ><div id=\"pgc-7831-9-0\"  class=\"panel-grid-cell panel-grid-cell-empty\" ><\/div><div id=\"pgc-7831-9-1\"  class=\"panel-grid-cell\" ><div id=\"panel-7831-9-1-0\" class=\"so-panel widget widget_sow-editor panel-first-child panel-last-child\" data-index=\"18\" ><div\n\t\t\t\n\t\t\tclass=\"so-widget-sow-editor so-widget-sow-editor-base\"\n\t\t\t\n\t\t><h3 class=\"widget-title\">Sesi\u00f3n 2: Compartiendo experiencias en la comprobaci\u00f3n de Recursos Federales<\/h3>\n<div class=\"siteorigin-widget-tinymce textwidget\">\n\t<p><iframe loading=\"lazy\" title=\"YouTube video player\" src=\"https:\/\/www.youtube.com\/embed\/YkHVN9bACN8\" width=\"560\" height=\"315\" frameborder=\"0\" allowfullscreen=\"allowfullscreen\"><\/iframe><\/p>\n<\/div>\n<\/div><\/div><\/div><div id=\"pgc-7831-9-2\"  class=\"panel-grid-cell panel-grid-cell-mobile-last\" ><div id=\"panel-7831-9-2-0\" class=\"so-panel widget widget_sow-editor panel-first-child panel-last-child\" data-index=\"19\" ><div\n\t\t\t\n\t\t\tclass=\"so-widget-sow-editor so-widget-sow-editor-base\"\n\t\t\t\n\t\t>\n<div class=\"siteorigin-widget-tinymce textwidget\">\n\t<p><span style=\"font-size: 14pt;\"><strong>Instituciones participantes:<\/strong> <\/span><\/p>\n<ul>\n<li><span style=\"font-size: 14pt;\">Universidad Aut\u00f3noma de Yucatan (UADY) <\/span><\/li>\n<li><span style=\"font-size: 14pt;\">Universidad Ju\u00e1rez del Estado de Durango (UJED) <\/span><\/li>\n<li><span style=\"font-size: 14pt;\">Universidad Aut\u00f3noma de Coahuila (UAdeC)<\/span><\/li>\n<li><span style=\"font-size: 14pt;\"> Universidad Aut\u00f3noma del Carmen (UNACAR)<\/span><\/li>\n<\/ul>\n<p><span style=\"font-size: 14pt;\"><strong>Fecha:<\/strong> 17 de marzo 2021<\/span><\/p>\n<\/div>\n<\/div><\/div><\/div><div id=\"pgc-7831-9-3\"  class=\"panel-grid-cell panel-grid-cell-empty\" ><\/div><\/div><\/div><div id=\"pg-7831-10\"  class=\"panel-grid panel-has-style\" ><div class=\"siteorigin-panels-stretch panel-row-style panel-row-style-for-7831-10\" data-stretch-type=\"full-stretched\" ><div id=\"pgc-7831-10-0\"  class=\"panel-grid-cell panel-grid-cell-empty\" ><\/div><div id=\"pgc-7831-10-1\"  class=\"panel-grid-cell\" ><div id=\"panel-7831-10-1-0\" class=\"so-panel widget widget_sow-editor panel-first-child panel-last-child\" data-index=\"20\" ><div\n\t\t\t\n\t\t\tclass=\"so-widget-sow-editor so-widget-sow-editor-base\"\n\t\t\t\n\t\t><h3 class=\"widget-title\">Sesi\u00f3n 1:  Sesi\u00f3n introductoria de preguntas a \u201cProblem\u00e1tica y Perspectivas de Soluci\u00f3n del FAM\u201d<\/h3>\n<div class=\"siteorigin-widget-tinymce textwidget\">\n\t<p><iframe loading=\"lazy\" title=\"YouTube video player\" src=\"https:\/\/www.youtube.com\/embed\/VGd8DUtrh_M\" width=\"560\" height=\"315\" frameborder=\"0\" allowfullscreen=\"allowfullscreen\"><\/iframe><\/p>\n<\/div>\n<\/div><\/div><\/div><div id=\"pgc-7831-10-2\"  class=\"panel-grid-cell panel-grid-cell-mobile-last\" ><div id=\"panel-7831-10-2-0\" class=\"so-panel widget widget_sow-editor panel-first-child panel-last-child\" data-index=\"21\" ><div\n\t\t\t\n\t\t\tclass=\"so-widget-sow-editor so-widget-sow-editor-base\"\n\t\t\t\n\t\t>\n<div class=\"siteorigin-widget-tinymce textwidget\">\n\t<p style=\"text-align: justify;\"><span style=\"font-size: 14pt;\"><strong>Objetivos:<\/strong> Exponer preguntas enfocadas al marco normativo, los objetivos del Fondo de Aportaciones M\u00faltiples (FAM), las mismas particularidades del programa, los riesgos y requerimientos, las respuestas se dar\u00e1n en una sesi\u00f3n posterior.<\/span><\/p>\n<p style=\"text-align: justify;\"><span style=\"font-size: 14pt;\"><strong>Exponente:<\/strong> Juan Manuel Arciniega de la Universidad Ju\u00e1rez del Estado de Durango y Coordinador de la Comisi\u00f3n de Administraci\u00f3n y Gesti\u00f3n Financiera del Comit\u00e9 ANUIES-TIC<\/span><\/p>\n<p style=\"text-align: justify;\"><span style=\"font-size: 14pt;\"><strong>Fecha:<\/strong> 15 de abril de 2021<\/span><br \/>\n<span style=\"font-size: 14pt;\"><strong>Hora:<\/strong> 10:00 hrs.<\/span><\/p>\n<\/div>\n<\/div><\/div><\/div><div id=\"pgc-7831-10-3\"  class=\"panel-grid-cell panel-grid-cell-empty\" ><\/div><\/div><\/div><\/div>","protected":false},"excerpt":{"rendered":"<p>&nbsp; Expositor: &nbsp; Mtro. Emilio Barriga Delgado, Auditor Especial del Gasto Federalizado de la Auditor\u00eda Superior de la Federaci\u00f3n. Fecha: 19 de octubre, 10:00 am. (CDMX) &nbsp; Registro &nbsp; Expositor: &nbsp; Ing. Benjam\u00edn Mart\u00ednez Ram\u00edrez Director de Tecnolog\u00edas de Informaci\u00f3n e Innovaci\u00f3n de la Universidad Ju\u00e1rez Aut\u00f3noma de Tabasco. Fecha: 5 de octubre, 10:00\u00a0 h. [&hellip;]<\/p>\n","protected":false},"author":1,"featured_media":0,"parent":0,"menu_order":0,"comment_status":"closed","ping_status":"closed","template":"templates\/template-full.php","meta":{"_mc_calendar":[],"footnotes":""},"class_list":["post-7831","page","type-page","status-publish","hentry","post"],"rttpg_featured_image_url":null,"rttpg_author":{"display_name":"ctrlweb","author_link":"https:\/\/anuies-tic.anuies.mx\/web\/author\/ctrldcsctrlweb\/"},"rttpg_comment":0,"rttpg_category":null,"rttpg_excerpt":"&nbsp; Expositor: &nbsp; Mtro. Emilio Barriga Delgado, Auditor Especial del Gasto Federalizado de la Auditor\u00eda Superior de la Federaci\u00f3n. Fecha: 19 de octubre, 10:00 am. (CDMX) &nbsp; Registro &nbsp; Expositor: &nbsp; Ing. Benjam\u00edn Mart\u00ednez Ram\u00edrez Director de Tecnolog\u00edas de Informaci\u00f3n e Innovaci\u00f3n de la Universidad Ju\u00e1rez Aut\u00f3noma de Tabasco. Fecha: 5 de octubre, 10:00\u00a0 h.&hellip;","_links":{"self":[{"href":"https:\/\/anuies-tic.anuies.mx\/web\/wp-json\/wp\/v2\/pages\/7831","targetHints":{"allow":["GET"]}}],"collection":[{"href":"https:\/\/anuies-tic.anuies.mx\/web\/wp-json\/wp\/v2\/pages"}],"about":[{"href":"https:\/\/anuies-tic.anuies.mx\/web\/wp-json\/wp\/v2\/types\/page"}],"author":[{"embeddable":true,"href":"https:\/\/anuies-tic.anuies.mx\/web\/wp-json\/wp\/v2\/users\/1"}],"replies":[{"embeddable":true,"href":"https:\/\/anuies-tic.anuies.mx\/web\/wp-json\/wp\/v2\/comments?post=7831"}],"version-history":[{"count":47,"href":"https:\/\/anuies-tic.anuies.mx\/web\/wp-json\/wp\/v2\/pages\/7831\/revisions"}],"predecessor-version":[{"id":8534,"href":"https:\/\/anuies-tic.anuies.mx\/web\/wp-json\/wp\/v2\/pages\/7831\/revisions\/8534"}],"wp:attachment":[{"href":"https:\/\/anuies-tic.anuies.mx\/web\/wp-json\/wp\/v2\/media?parent=7831"}],"curies":[{"name":"wp","href":"https:\/\/api.w.org\/{rel}","templated":true}]}}