{"id":9490,"date":"2023-03-10T12:25:03","date_gmt":"2023-03-10T18:25:03","guid":{"rendered":"https:\/\/anuies-tic.anuies.mx\/web\/?page_id=9490"},"modified":"2024-05-10T11:13:19","modified_gmt":"2024-05-10T17:13:19","slug":"seminario-gestion-de-la-tecnologia-educativa-t5","status":"publish","type":"page","link":"https:\/\/anuies-tic.anuies.mx\/web\/seminario-gestion-de-la-tecnologia-educativa-t5\/","title":{"rendered":"Seminario: Gesti\u00f3n de la Tecnolog\u00eda Educativa, Temporada 5"},"content":{"rendered":"<div id=\"pl-9490\"  class=\"panel-layout\" ><div id=\"pg-9490-0\"  class=\"panel-grid panel-has-style\" ><div class=\"siteorigin-panels-stretch panel-row-style panel-row-style-for-9490-0\" data-stretch-type=\"full-width-stretch\" ><div id=\"pgc-9490-0-0\"  class=\"panel-grid-cell panel-grid-cell-empty\" ><\/div><div id=\"pgc-9490-0-1\"  class=\"panel-grid-cell\" ><div id=\"panel-9490-0-1-0\" class=\"so-panel widget widget_sow-editor panel-first-child panel-last-child\" data-index=\"0\" ><div\n\t\t\t\n\t\t\tclass=\"so-widget-sow-editor so-widget-sow-editor-base\"\n\t\t\t\n\t\t><h3 class=\"widget-title\">Sesi\u00f3n 5<\/h3>\n<div class=\"siteorigin-widget-tinymce textwidget\">\n\t<p><iframe loading=\"lazy\" title=\"Los retos de la Educaci\u00f3n y la inteligencia artificial\" width=\"720\" height=\"405\" src=\"https:\/\/www.youtube.com\/embed\/gmkQJLUuMh4?feature=oembed\" frameborder=\"0\" allow=\"accelerometer; autoplay; clipboard-write; encrypted-media; gyroscope; picture-in-picture; web-share\" referrerpolicy=\"strict-origin-when-cross-origin\" allowfullscreen><\/iframe><\/p>\n<\/div>\n<\/div><\/div><\/div><div id=\"pgc-9490-0-2\"  class=\"panel-grid-cell\" ><div id=\"panel-9490-0-2-0\" class=\"so-panel widget widget_sow-editor panel-first-child panel-last-child\" data-index=\"1\" ><div\n\t\t\t\n\t\t\tclass=\"so-widget-sow-editor so-widget-sow-editor-base\"\n\t\t\t\n\t\t>\n<div class=\"siteorigin-widget-tinymce textwidget\">\n\t<p>&nbsp;<\/p>\n<p>&nbsp;<\/p>\n<p style=\"text-align: center;\"><strong>Los retos de la Educaci\u00f3n y la inteligencia artificial<\/strong><\/p>\n<hr \/>\n<p><strong><b><span lang=\"EN-US\">Invitado:<\/span><\/b><\/strong><\/p>\n<p><strong>Ryan Lufkin, Vicepresidente de Estrategia Global en Instructure, creadores de Canvas.<\/strong><\/p>\n<hr \/>\n<p><span style=\"font-size: 14pt;\"><strong>Fecha<\/strong>:\u00a0 Jueves 07 de septiembre<\/span><\/p>\n<p><span style=\"font-size: 14pt;\"><strong>Hora<\/strong>: 17:00 - 18:00 hrs (CDMX)<\/span><\/p>\n<\/div>\n<\/div><\/div><\/div><div id=\"pgc-9490-0-3\"  class=\"panel-grid-cell\" ><div id=\"panel-9490-0-3-0\" class=\"so-panel widget widget_sow-editor panel-first-child panel-last-child\" data-index=\"2\" ><div\n\t\t\t\n\t\t\tclass=\"so-widget-sow-editor so-widget-sow-editor-base\"\n\t\t\t\n\t\t><h3 class=\"widget-title\">Temporadas<\/h3>\n<div class=\"siteorigin-widget-tinymce textwidget\">\n\t<p style=\"text-align: center;\"><a class=\"fasc-button fasc-size-medium fasc-type-flat fasc-rounded-medium fasc-ico-before dashicons-admin-users\" style=\"background-color: #63339e; color: #ffffff;\" href=\"https:\/\/anuies-tic.anuies.mx\/web\/seminario-gestion-de-la-tecnologia-educativa-t4\/\">Temporada 4<\/a><\/p>\n<p style=\"text-align: center;\"><a class=\"fasc-button fasc-size-medium fasc-type-flat fasc-rounded-medium fasc-ico-before dashicons-admin-users\" style=\"background-color: #9e336a; color: #ffffff;\" href=\"https:\/\/anuies-tic.anuies.mx\/web\/seminario-gestion-de-la-tecnologia-educativa-t3\/\">Temporada 3<\/a><\/p>\n<p style=\"text-align: center;\"><a class=\"fasc-button fasc-size-medium fasc-type-flat fasc-rounded-medium fasc-ico-before dashicons-admin-users\" style=\"background-color: #33809e; color: #ffffff;\" target=\"_blank\" rel=\"noopener\" href=\"https:\/\/anuies-tic.anuies.mx\/web\/blog\/seminario-te-temporada-2\/\">Temporada 2<\/a><\/p>\n<p style=\"text-align: center;\"><a class=\"fasc-button fasc-size-medium fasc-type-flat fasc-rounded-medium fasc-ico-before dashicons-admin-users\" style=\"background-color: #339e75; color: #ffffff;\" target=\"_blank\" rel=\"noopener\" href=\"https:\/\/anuies-tic.anuies.mx\/web\/blog\/seminario-te-temporada-1\/\">Temporada 1<\/a><\/p>\n<\/div>\n<\/div><\/div><\/div><\/div><\/div><div id=\"pg-9490-1\"  class=\"panel-grid panel-has-style\" ><div class=\"siteorigin-panels-stretch panel-row-style panel-row-style-for-9490-1\" data-stretch-type=\"full-width-stretch\" ><div id=\"pgc-9490-1-0\"  class=\"panel-grid-cell panel-grid-cell-empty\" ><\/div><div id=\"pgc-9490-1-1\"  class=\"panel-grid-cell\" ><div id=\"panel-9490-1-1-0\" class=\"so-panel widget widget_sow-editor panel-first-child panel-last-child\" data-index=\"3\" ><div\n\t\t\t\n\t\t\tclass=\"so-widget-sow-editor so-widget-sow-editor-base\"\n\t\t\t\n\t\t><h3 class=\"widget-title\">Sesi\u00f3n 4<\/h3>\n<div class=\"siteorigin-widget-tinymce textwidget\">\n\t<p><iframe loading=\"lazy\" title=\"\u00bfC\u00f3mo enfrentar los retos de la evaluaci\u00f3n en la era de la Inteligencia Artificial?\" width=\"720\" height=\"405\" src=\"https:\/\/www.youtube.com\/embed\/IjJ8Gbkkd2E?feature=oembed\" frameborder=\"0\" allow=\"accelerometer; autoplay; clipboard-write; encrypted-media; gyroscope; picture-in-picture; web-share\" referrerpolicy=\"strict-origin-when-cross-origin\" allowfullscreen><\/iframe><\/p>\n<\/div>\n<\/div><\/div><\/div><div id=\"pgc-9490-1-2\"  class=\"panel-grid-cell panel-grid-cell-mobile-last\" ><div id=\"panel-9490-1-2-0\" class=\"so-panel widget widget_sow-editor panel-first-child panel-last-child\" data-index=\"4\" ><div\n\t\t\t\n\t\t\tclass=\"so-widget-sow-editor so-widget-sow-editor-base\"\n\t\t\t\n\t\t>\n<div class=\"siteorigin-widget-tinymce textwidget\">\n\t<p>&nbsp;<\/p>\n<p>&nbsp;<\/p>\n<p style=\"text-align: center;\"><strong>\u00bfC\u00f3mo enfrentar los retos de la evaluaci\u00f3n en la era de la Inteligencia Artificial?<\/strong><\/p>\n<hr \/>\n<p><strong><b><span lang=\"EN-US\">Invitada:<\/span><\/b><\/strong><\/p>\n<p><strong>Dra. Catalina Londo\u00f1o, Turnitin.<\/strong><\/p>\n<hr \/>\n<p><span style=\"font-size: 14pt;\"><strong>Fecha<\/strong>:\u00a0 Jueves 06 de julio<\/span><\/p>\n<p><span style=\"font-size: 14pt;\"><strong>Hora<\/strong>: 17:00 - 18:30 hrs (CDMX)<\/span><\/p>\n<p style=\"text-align: center;\">\n<\/div>\n<\/div><\/div><\/div><div id=\"pgc-9490-1-3\"  class=\"panel-grid-cell panel-grid-cell-empty\" ><\/div><\/div><\/div><div id=\"pg-9490-2\"  class=\"panel-grid panel-has-style\" ><div class=\"siteorigin-panels-stretch panel-row-style panel-row-style-for-9490-2\" data-stretch-type=\"full-width-stretch\" ><div id=\"pgc-9490-2-0\"  class=\"panel-grid-cell panel-grid-cell-empty\" ><\/div><div id=\"pgc-9490-2-1\"  class=\"panel-grid-cell\" ><div id=\"panel-9490-2-1-0\" class=\"so-panel widget widget_sow-editor panel-first-child panel-last-child\" data-index=\"5\" ><div\n\t\t\t\n\t\t\tclass=\"so-widget-sow-editor so-widget-sow-editor-base\"\n\t\t\t\n\t\t><h3 class=\"widget-title\">Sesi\u00f3n 3<\/h3>\n<div class=\"siteorigin-widget-tinymce textwidget\">\n\t<p><iframe loading=\"lazy\" title=\"Introducci\u00f3n a OpenAI\" width=\"720\" height=\"540\" src=\"https:\/\/www.youtube.com\/embed\/ZEE8KcCJVlU?feature=oembed\" frameborder=\"0\" allow=\"accelerometer; autoplay; clipboard-write; encrypted-media; gyroscope; picture-in-picture; web-share\" referrerpolicy=\"strict-origin-when-cross-origin\" allowfullscreen><\/iframe><\/p>\n<\/div>\n<\/div><\/div><\/div><div id=\"pgc-9490-2-2\"  class=\"panel-grid-cell panel-grid-cell-mobile-last\" ><div id=\"panel-9490-2-2-0\" class=\"so-panel widget widget_sow-editor panel-first-child panel-last-child\" data-index=\"6\" ><div\n\t\t\t\n\t\t\tclass=\"so-widget-sow-editor so-widget-sow-editor-base\"\n\t\t\t\n\t\t>\n<div class=\"siteorigin-widget-tinymce textwidget\">\n\t<p>&nbsp;<\/p>\n<p>&nbsp;<\/p>\n<p style=\"text-align: center;\"><strong>Introducci\u00f3n a OpenAI<\/strong><\/p>\n<hr \/>\n<p><strong><b><span lang=\"EN-US\">Invitados:<\/span><\/b><\/strong><\/p>\n<p><strong><em>Ariel Pacecca,\u00a0<\/em><\/strong>Director de Educaci\u00f3n Microsoft.<\/p>\n<p><strong><em>Alfonso Sandoval<\/em><\/strong><b><span lang=\"EN-US\">,\u00a0<\/span><\/b>Educaci\u00f3n Microsoft.<\/p>\n<hr \/>\n<p><span style=\"font-size: 14pt;\"><strong>Fecha<\/strong>:\u00a0 Jueves 11 de mayo<\/span><\/p>\n<p><span style=\"font-size: 14pt;\"><strong>Hora<\/strong>: 17:00 - 18:30 hrs (CDMX)<\/span><\/p>\n<p style=\"text-align: center;\">\n<\/div>\n<\/div><\/div><\/div><div id=\"pgc-9490-2-3\"  class=\"panel-grid-cell panel-grid-cell-empty\" ><\/div><\/div><\/div><div id=\"pg-9490-3\"  class=\"panel-grid panel-has-style\" ><div class=\"siteorigin-panels-stretch panel-row-style panel-row-style-for-9490-3\" data-stretch-type=\"full-width-stretch\" ><div id=\"pgc-9490-3-0\"  class=\"panel-grid-cell panel-grid-cell-empty\" ><\/div><div id=\"pgc-9490-3-1\"  class=\"panel-grid-cell\" ><div id=\"panel-9490-3-1-0\" class=\"so-panel widget widget_sow-editor panel-first-child panel-last-child\" data-index=\"7\" ><div\n\t\t\t\n\t\t\tclass=\"so-widget-sow-editor so-widget-sow-editor-base\"\n\t\t\t\n\t\t><h3 class=\"widget-title\">Sesi\u00f3n 2<\/h3>\n<div class=\"siteorigin-widget-tinymce textwidget\">\n\t<p><iframe loading=\"lazy\" title=\"Taller \u00a1El gran desaf\u00edo educativo!\u00bfC\u00f3mo integrar ChatGPT en el aula?\" width=\"720\" height=\"405\" src=\"https:\/\/www.youtube.com\/embed\/2OnjAXDTblQ?feature=oembed\" frameborder=\"0\" allow=\"accelerometer; autoplay; clipboard-write; encrypted-media; gyroscope; picture-in-picture; web-share\" referrerpolicy=\"strict-origin-when-cross-origin\" allowfullscreen><\/iframe><\/p>\n<\/div>\n<\/div><\/div><\/div><div id=\"pgc-9490-3-2\"  class=\"panel-grid-cell panel-grid-cell-mobile-last\" ><div id=\"panel-9490-3-2-0\" class=\"so-panel widget widget_sow-editor panel-first-child panel-last-child\" data-index=\"8\" ><div\n\t\t\t\n\t\t\tclass=\"so-widget-sow-editor so-widget-sow-editor-base\"\n\t\t\t\n\t\t>\n<div class=\"siteorigin-widget-tinymce textwidget\">\n\t<p>&nbsp;<\/p>\n<p>&nbsp;<\/p>\n<p style=\"text-align: center;\"><strong>Taller \u00a1El gran desaf\u00edo educativo!\u00bfC\u00f3mo integrar ChatGPT en el aula?<\/strong><\/p>\n<hr \/>\n<p><strong><b><span lang=\"EN-US\">Invitada:<\/span><\/b><\/strong><\/p>\n<p><strong><b><span lang=\"EN-US\">Mtra. Yolanda Campos Campos, <\/span><\/b><\/strong>Consultora para la innovaci\u00f3n de la docencia en la cultura digital.<\/p>\n<hr \/>\n<p><span style=\"font-size: 14pt;\"><strong>Fecha<\/strong>:\u00a0 Jueves 30 marzo<\/span><\/p>\n<p><span style=\"font-size: 14pt;\"><strong>Hora<\/strong>: 17:00 - 18:30 hrs (CDMX)<\/span><\/p>\n<p style=\"text-align: center;\">\n<\/div>\n<\/div><\/div><\/div><div id=\"pgc-9490-3-3\"  class=\"panel-grid-cell panel-grid-cell-empty\" ><\/div><\/div><\/div><div id=\"pg-9490-4\"  class=\"panel-grid panel-has-style\" ><div class=\"siteorigin-panels-stretch panel-row-style panel-row-style-for-9490-4\" data-stretch-type=\"full-width-stretch\" ><div id=\"pgc-9490-4-0\"  class=\"panel-grid-cell panel-grid-cell-empty\" ><\/div><div id=\"pgc-9490-4-1\"  class=\"panel-grid-cell\" ><div id=\"panel-9490-4-1-0\" class=\"so-panel widget widget_sow-editor panel-first-child panel-last-child\" data-index=\"9\" ><div\n\t\t\t\n\t\t\tclass=\"so-widget-sow-editor so-widget-sow-editor-base\"\n\t\t\t\n\t\t><h3 class=\"widget-title\">Sesi\u00f3n 1<\/h3>\n<div class=\"siteorigin-widget-tinymce textwidget\">\n\t<p><iframe loading=\"lazy\" title=\"YouTube video player\" src=\"https:\/\/www.youtube.com\/embed\/l_jCiCJSHnY\" width=\"560\" height=\"315\" frameborder=\"0\" allowfullscreen=\"allowfullscreen\"><\/iframe><\/p>\n<\/div>\n<\/div><\/div><\/div><div id=\"pgc-9490-4-2\"  class=\"panel-grid-cell panel-grid-cell-mobile-last\" ><div id=\"panel-9490-4-2-0\" class=\"so-panel widget widget_sow-editor panel-first-child panel-last-child\" data-index=\"10\" ><div\n\t\t\t\n\t\t\tclass=\"so-widget-sow-editor so-widget-sow-editor-base\"\n\t\t\t\n\t\t>\n<div class=\"siteorigin-widget-tinymce textwidget\">\n\t<p>&nbsp;<\/p>\n<p>&nbsp;<\/p>\n<p style=\"text-align: center;\"><span style=\"font-size: 14pt;\"><strong>Panel virtual \u201cPerspectivas sobre el ChatGPT en la Educaci\u00f3n Superior\"<\/strong><\/span><\/p>\n<hr \/>\n<p><strong>Panelistas invitados:<\/strong><\/p>\n<ul>\n<li>Dr. Cuauht\u00e9moc Gonz\u00e1lez V\u00e1zquez, Innovaci\u00f3n y Tecnolog\u00eda Educativa. Universidad de Celaya.<\/li>\n<li>Dr. Ra\u00fal Trejo Ram\u00edrez, Megahabilidades.<\/li>\n<li>Mtro. Adri\u00e1n Soto Gir\u00f3n, Fundaci\u00f3n Educaci\u00f3n Superior Empresa (FESE).<\/li>\n<li>Dr. Iv\u00e1n Vladimir Meza Ru\u00edz, IIMAS \/ UNAM.<\/li>\n<li>Mtro. Jorge Bossio, Universidad Peruana de Ciencias Aplicadas.<\/li>\n<\/ul>\n<hr \/>\n<p><span style=\"font-size: 14pt;\"><strong>Fecha<\/strong>:\u00a0 Jueves 16 marzo<\/span><\/p>\n<p><span style=\"font-size: 14pt;\"><strong>Hora<\/strong>: 17:00 - 18:30 hrs (CDMX)<\/span><\/p>\n<p style=\"text-align: center;\">\n<\/div>\n<\/div><\/div><\/div><div id=\"pgc-9490-4-3\"  class=\"panel-grid-cell panel-grid-cell-empty\" ><\/div><\/div><\/div><\/div>","protected":false},"excerpt":{"rendered":"<p>https:\/\/youtu.be\/gmkQJLUuMh4 &nbsp; &nbsp; Los retos de la Educaci\u00f3n y la inteligencia artificial Invitado: Ryan Lufkin, Vicepresidente de Estrategia Global en Instructure, creadores de Canvas. Fecha:\u00a0 Jueves 07 de septiembre Hora: 17:00 &#8211; 18:00 hrs (CDMX) Temporada 4 Temporada 3 Temporada 2 Temporada 1 https:\/\/youtu.be\/IjJ8Gbkkd2E &nbsp; &nbsp; \u00bfC\u00f3mo enfrentar los retos de la evaluaci\u00f3n en la [&hellip;]<\/p>\n","protected":false},"author":1,"featured_media":0,"parent":0,"menu_order":0,"comment_status":"closed","ping_status":"closed","template":"templates\/template-full.php","meta":{"_mc_calendar":[],"footnotes":""},"class_list":["post-9490","page","type-page","status-publish","hentry","post"],"rttpg_featured_image_url":null,"rttpg_author":{"display_name":"ctrlweb","author_link":"https:\/\/anuies-tic.anuies.mx\/web\/author\/ctrldcsctrlweb\/"},"rttpg_comment":0,"rttpg_category":null,"rttpg_excerpt":"https:\/\/youtu.be\/gmkQJLUuMh4 &nbsp; &nbsp; Los retos de la Educaci\u00f3n y la inteligencia artificial Invitado: Ryan Lufkin, Vicepresidente de Estrategia Global en Instructure, creadores de Canvas. Fecha:\u00a0 Jueves 07 de septiembre Hora: 17:00 - 18:00 hrs (CDMX) Temporada 4 Temporada 3 Temporada 2 Temporada 1 https:\/\/youtu.be\/IjJ8Gbkkd2E &nbsp; &nbsp; \u00bfC\u00f3mo enfrentar los retos de la evaluaci\u00f3n en la&hellip;","_links":{"self":[{"href":"https:\/\/anuies-tic.anuies.mx\/web\/wp-json\/wp\/v2\/pages\/9490","targetHints":{"allow":["GET"]}}],"collection":[{"href":"https:\/\/anuies-tic.anuies.mx\/web\/wp-json\/wp\/v2\/pages"}],"about":[{"href":"https:\/\/anuies-tic.anuies.mx\/web\/wp-json\/wp\/v2\/types\/page"}],"author":[{"embeddable":true,"href":"https:\/\/anuies-tic.anuies.mx\/web\/wp-json\/wp\/v2\/users\/1"}],"replies":[{"embeddable":true,"href":"https:\/\/anuies-tic.anuies.mx\/web\/wp-json\/wp\/v2\/comments?post=9490"}],"version-history":[{"count":23,"href":"https:\/\/anuies-tic.anuies.mx\/web\/wp-json\/wp\/v2\/pages\/9490\/revisions"}],"predecessor-version":[{"id":10324,"href":"https:\/\/anuies-tic.anuies.mx\/web\/wp-json\/wp\/v2\/pages\/9490\/revisions\/10324"}],"wp:attachment":[{"href":"https:\/\/anuies-tic.anuies.mx\/web\/wp-json\/wp\/v2\/media?parent=9490"}],"curies":[{"name":"wp","href":"https:\/\/api.w.org\/{rel}","templated":true}]}}